{"id":16841,"date":"2022-04-09T10:03:19","date_gmt":"2022-04-09T08:03:19","guid":{"rendered":"https:\/\/tzvz.simetrys.info\/varazdin\/"},"modified":"2025-11-24T13:46:18","modified_gmt":"2025-11-24T12:46:18","slug":"varazdin","status":"publish","type":"page","link":"https:\/\/visitvarazdin.hr\/de\/varazdin\/","title":{"rendered":"Vara\u017edin"},"content":{"rendered":"\t\t<div data-elementor-type=\"wp-page\" data-elementor-id=\"16841\" class=\"elementor elementor-16841 elementor-2647\" data-elementor-post-type=\"page\">\n\t\t\t\t\t\t<section class=\"elementor-section elementor-top-section elementor-element elementor-element-4e423397 elementor-section-full_width elementor-section-height-min-height elementor-section-height-default elementor-section-items-middle\" data-id=\"4e423397\" data-element_type=\"section\" data-e-type=\"section\" data-settings=\"{&quot;background_background&quot;:&quot;classic&quot;}\">\n\t\t\t\t\t\t<div class=\"elementor-container elementor-column-gap-default\">\n\t\t\t\t\t<div class=\"elementor-column elementor-col-100 elementor-top-column elementor-element elementor-element-64c7850b\" data-id=\"64c7850b\" data-element_type=\"column\" data-e-type=\"column\" data-settings=\"{&quot;background_background&quot;:&quot;slideshow&quot;,&quot;background_slideshow_gallery&quot;:[{&quot;id&quot;:14643,&quot;url&quot;:&quot;https:\\\/\\\/visitvarazdin.hr\\\/wp-content\\\/uploads\\\/2021\\\/08\\\/1_varazdin-2-1.jpg&quot;},{&quot;id&quot;:14644,&quot;url&quot;:&quot;https:\\\/\\\/visitvarazdin.hr\\\/wp-content\\\/uploads\\\/2021\\\/08\\\/1_varazdin-3-1.jpg&quot;},{&quot;id&quot;:14645,&quot;url&quot;:&quot;https:\\\/\\\/visitvarazdin.hr\\\/wp-content\\\/uploads\\\/2021\\\/08\\\/DSC_43611-Edit-Edit-2-1.jpg&quot;}],&quot;background_slideshow_loop&quot;:&quot;yes&quot;,&quot;background_slideshow_slide_duration&quot;:5000,&quot;background_slideshow_slide_transition&quot;:&quot;fade&quot;,&quot;background_slideshow_transition_duration&quot;:500}\">\n\t\t\t<div class=\"elementor-widget-wrap elementor-element-populated\">\n\t\t\t\t\t\t<div class=\"elementor-element elementor-element-5a60cf28 elementor-absolute elementor-widget-divider--view-line elementor-widget elementor-widget-divider\" data-id=\"5a60cf28\" data-element_type=\"widget\" data-e-type=\"widget\" data-settings=\"{&quot;_position&quot;:&quot;absolute&quot;}\" data-widget_type=\"divider.default\">\n\t\t\t\t<div class=\"elementor-widget-container\">\n\t\t\t\t\t\t\t<div class=\"elementor-divider\">\n\t\t\t<span class=\"elementor-divider-separator\">\n\t\t\t\t\t\t<\/span>\n\t\t<\/div>\n\t\t\t\t\t\t<\/div>\n\t\t\t\t<\/div>\n\t\t\t\t<div class=\"elementor-element elementor-element-24e18538 elementor-widget elementor-widget-spacer\" data-id=\"24e18538\" data-element_type=\"widget\" data-e-type=\"widget\" data-widget_type=\"spacer.default\">\n\t\t\t\t<div class=\"elementor-widget-container\">\n\t\t\t\t\t\t\t<div class=\"elementor-spacer\">\n\t\t\t<div class=\"elementor-spacer-inner\"><\/div>\n\t\t<\/div>\n\t\t\t\t\t\t<\/div>\n\t\t\t\t<\/div>\n\t\t\t\t<div class=\"elementor-element elementor-element-48c49b81 elementor-absolute elementor-widget elementor-widget-text-editor\" data-id=\"48c49b81\" data-element_type=\"widget\" data-e-type=\"widget\" data-settings=\"{&quot;_position&quot;:&quot;absolute&quot;}\" data-widget_type=\"text-editor.default\">\n\t\t\t\t<div class=\"elementor-widget-container\">\n\t\t\t\t\t\t\t\t\t<p>Schon seit der Zeit seiner Gr\u00fcndung bezaubert Vara\u017edin seine Besucher mit seiner Sch\u00f6nheit und Einzigartigkeit. Vara\u017edin hat w\u00e4hrend seiner langen Geschichte viele verscheidene Funktionen ausge\u00fcbt, aber auch seine zeitgen\u00f6ssische Bedeutung sollte nicht untersch\u00e4tzt werden. Die Stadt ist ein kleines, aber einflussreiches Kultur-, Wirtschafts-, Bildungs- und Touristenzentrum im Nordwesten Kroatiens und \u00fcberhaupt einer der wichtigsten Orte des gesamten kontinentalen Teils des Landes.   <\/p>\t\t\t\t\t\t\t\t<\/div>\n\t\t\t\t<\/div>\n\t\t\t\t<div class=\"elementor-element elementor-element-6451ad5a elementor-absolute elementor-widget elementor-widget-text-editor\" data-id=\"6451ad5a\" data-element_type=\"widget\" data-e-type=\"widget\" data-settings=\"{&quot;_position&quot;:&quot;absolute&quot;}\" data-widget_type=\"text-editor.default\">\n\t\t\t\t<div class=\"elementor-widget-container\">\n\t\t\t\t\t\t\t\t\t<p>Vara\u017edin<\/p>\t\t\t\t\t\t\t\t<\/div>\n\t\t\t\t<\/div>\n\t\t\t\t\t<\/div>\n\t\t<\/div>\n\t\t\t\t\t<\/div>\n\t\t<\/section>\n\t\t\t\t<section class=\"elementor-section elementor-top-section elementor-element elementor-element-1ffa3070 elementor-section-full_width elementor-section-height-min-height elementor-section-height-default elementor-section-items-middle\" data-id=\"1ffa3070\" data-element_type=\"section\" data-e-type=\"section\">\n\t\t\t\t\t\t<div class=\"elementor-container elementor-column-gap-default\">\n\t\t\t\t\t<div class=\"elementor-column elementor-col-100 elementor-top-column elementor-element elementor-element-53833dc1\" data-id=\"53833dc1\" data-element_type=\"column\" data-e-type=\"column\">\n\t\t\t<div class=\"elementor-widget-wrap elementor-element-populated\">\n\t\t\t\t\t\t<section class=\"elementor-section elementor-inner-section elementor-element elementor-element-3c28058e elementor-section-full_width elementor-section-height-min-height elementor-section-height-default\" data-id=\"3c28058e\" data-element_type=\"section\" data-e-type=\"section\" data-settings=\"{&quot;background_background&quot;:&quot;classic&quot;}\">\n\t\t\t\t\t\t<div class=\"elementor-container elementor-column-gap-default\">\n\t\t\t\t\t<div class=\"elementor-column elementor-col-50 elementor-inner-column elementor-element elementor-element-383c2911\" data-id=\"383c2911\" data-element_type=\"column\" data-e-type=\"column\">\n\t\t\t<div class=\"elementor-widget-wrap elementor-element-populated\">\n\t\t\t\t\t\t<div class=\"elementor-element elementor-element-538ce071 elementor--h-position-center elementor--v-position-middle elementor-arrows-position-inside elementor-widget elementor-widget-slides\" data-id=\"538ce071\" data-element_type=\"widget\" data-e-type=\"widget\" id=\"orange-slider-rev\" data-settings=\"{&quot;navigation&quot;:&quot;arrows&quot;,&quot;infinite&quot;:&quot;yes&quot;,&quot;transition&quot;:&quot;slide&quot;,&quot;transition_speed&quot;:500}\" data-widget_type=\"slides.default\">\n\t\t\t\t<div class=\"elementor-widget-container\">\n\t\t\t\t\t\t\t\t\t<div class=\"elementor-swiper\">\n\t\t\t\t\t<div class=\"elementor-slides-wrapper elementor-main-swiper swiper\" role=\"region\" aria-roledescription=\"carousel\" aria-label=\"Slider\" dir=\"ltr\" data-animation=\"fadeInRight\">\n\t\t\t\t<div class=\"swiper-wrapper elementor-slides\">\n\t\t\t\t\t\t\t\t\t\t<div class=\"elementor-repeater-item-74ebaf2 swiper-slide\" role=\"group\" aria-roledescription=\"slide\"><div class=\"swiper-slide-bg\" role=\"img\" aria-label=\"2-varazdin-1\"><\/div><div class=\"swiper-slide-inner\" ><div class=\"swiper-slide-contents\"><\/div><\/div><\/div><div class=\"elementor-repeater-item-f270628 swiper-slide\" role=\"group\" aria-roledescription=\"slide\"><div class=\"swiper-slide-bg\" role=\"img\" aria-label=\"2_varazdin-2\"><\/div><div class=\"swiper-slide-inner\" ><div class=\"swiper-slide-contents\"><\/div><\/div><\/div>\t\t\t\t<\/div>\n\t\t\t\t\t\t\t\t\t\t\t\t\t\t\t<div class=\"elementor-swiper-button elementor-swiper-button-prev\" role=\"button\" tabindex=\"0\" aria-label=\"Vorheriger Slide\">\n\t\t\t\t\t\t\t<i aria-hidden=\"true\" class=\"eicon-chevron-left\"><\/i>\t\t\t\t\t\t<\/div>\n\t\t\t\t\t\t<div class=\"elementor-swiper-button elementor-swiper-button-next\" role=\"button\" tabindex=\"0\" aria-label=\"N\u00e4chster Slide\">\n\t\t\t\t\t\t\t<i aria-hidden=\"true\" class=\"eicon-chevron-right\"><\/i>\t\t\t\t\t\t<\/div>\n\t\t\t\t\t\t\t\t\t\t\t\t\t\t\t\t\t<\/div>\n\t\t\t\t<\/div>\n\t\t\t\t\t\t\t\t<\/div>\n\t\t\t\t<\/div>\n\t\t\t\t\t<\/div>\n\t\t<\/div>\n\t\t\t\t<div class=\"elementor-column elementor-col-50 elementor-inner-column elementor-element elementor-element-6bc93fdb\" data-id=\"6bc93fdb\" data-element_type=\"column\" data-e-type=\"column\">\n\t\t\t<div class=\"elementor-widget-wrap elementor-element-populated\">\n\t\t\t\t\t\t<div class=\"elementor-element elementor-element-132b9142 elementor-widget elementor-widget-text-editor\" data-id=\"132b9142\" data-element_type=\"widget\" data-e-type=\"widget\" data-widget_type=\"text-editor.default\">\n\t\t\t\t<div class=\"elementor-widget-container\">\n\t\t\t\t\t\t\t\t\t<p>Vara\u017edin liegt im nordwestlichen Teil Kroatiens. Die H\u00f6he der Stadt variiert zwischen 169 und 173 Metern, und die durchschnittliche Jahrestemperatur liegt bei etwa 10 \u00b0 C. Die Stadt liegt am westlichen Drauufer, in einer fruchtbaren Tiefebene, auf etwa 169 bis 173 Metern \u00fcber dem Meerespiegel. Im S\u00fcden steigt die Ebene in Richtung der Haloze Region und Vara\u017edinsko-topli\u010dka gora (Berg) leicht an.   <\/p><p><br>Vara\u017edin liegt an der Grenze der historischen Regionen Steiermark, Me\u0111imurje, Zagorje und Oberpodravina, ohne einem dieser regionalen Kulturkreise anzugeh\u00f6ren. Vara\u017edin ist einfach Vara\u017edin &#8211; eine eigene Mikroregion mit eigener Vara\u017ediner Identit\u00e4t, Traditionen und Kultur.  <\/p>\t\t\t\t\t\t\t\t<\/div>\n\t\t\t\t<\/div>\n\t\t\t\t\t<\/div>\n\t\t<\/div>\n\t\t\t\t\t<\/div>\n\t\t<\/section>\n\t\t\t\t\t<\/div>\n\t\t<\/div>\n\t\t\t\t\t<\/div>\n\t\t<\/section>\n\t\t\t\t<section class=\"elementor-section elementor-top-section elementor-element elementor-element-c94c0a8 elementor-section-full_width elementor-reverse-mobile elementor-section-height-default elementor-section-height-default\" data-id=\"c94c0a8\" data-element_type=\"section\" data-e-type=\"section\">\n\t\t\t\t\t\t<div class=\"elementor-container elementor-column-gap-default\">\n\t\t\t\t\t<div class=\"elementor-column elementor-col-50 elementor-top-column elementor-element elementor-element-40d2a69\" data-id=\"40d2a69\" data-element_type=\"column\" data-e-type=\"column\">\n\t\t\t<div class=\"elementor-widget-wrap elementor-element-populated\">\n\t\t\t\t\t\t<div class=\"elementor-element elementor-element-d18e42b elementor-widget elementor-widget-heading\" data-id=\"d18e42b\" data-element_type=\"widget\" data-e-type=\"widget\" data-widget_type=\"heading.default\">\n\t\t\t\t<div class=\"elementor-widget-container\">\n\t\t\t\t\t<h2 class=\"elementor-heading-title elementor-size-default\">Die Ersterw\u00e4hnung der Stadt Vara\u017edin<\/h2>\t\t\t\t<\/div>\n\t\t\t\t<\/div>\n\t\t\t\t<div class=\"elementor-element elementor-element-9504f51 elementor-widget elementor-widget-text-editor\" data-id=\"9504f51\" data-element_type=\"widget\" data-e-type=\"widget\" data-widget_type=\"text-editor.default\">\n\t\t\t\t<div class=\"elementor-widget-container\">\n\t\t\t\t\t\t\t\t\t<p>Die \u00e4ltesten Informationen \u00fcber Vara\u017edin, seinen Namen, seine Einwohner und die Namen der Komitate von Vara\u017edin finden sich in der Urkunde von K\u00f6nig Bela III. aus dem Jahr 1181. Die Stadt hie\u00df damals Guarestin (Garestin) und ihre Einwohner Guaresdienses. Die Namen der Gespanen waren Bele\u00e9 und Motmir. In dieser Urkunde entscheidet der K\u00f6nig im Rechtsstreit zwischen dem Zagreber Domkapitel und dem Gespan Bele\u00e9 des Landkreises Vara\u017edin \u00fcber ein Landgut in Vara\u017edinske Toplice.    <\/p><p><br>Wir wissen nicht genau, wie Vara\u017edin damals aussah und wie die Menschen darin lebten. Jedoch wissen wir, dass die Stadt, als eine Siedlung von Handwerkern und Kaufleuten, entlang des mittelalterlichen Castrums, an der Kreuzung alter R\u00f6merstra\u00dfen entstand. Ihr damaliger Kern entspricht dem heutigen Stadtzentrum, im Rahmen der Stra\u00dfen: Optujska, Kon\u010dareva, Vrazova, Zagreba\u010dka, Gebr\u00fcder Radi\u0107, Franjeva\u010dki-Platz und Kukuljevi\u0107eva. <\/p>\t\t\t\t\t\t\t\t<\/div>\n\t\t\t\t<\/div>\n\t\t\t\t\t<\/div>\n\t\t<\/div>\n\t\t\t\t<div class=\"elementor-column elementor-col-50 elementor-top-column elementor-element elementor-element-cebc1c8\" data-id=\"cebc1c8\" data-element_type=\"column\" data-e-type=\"column\" data-settings=\"{&quot;background_background&quot;:&quot;classic&quot;}\">\n\t\t\t<div class=\"elementor-widget-wrap elementor-element-populated\">\n\t\t\t\t\t\t<div class=\"elementor-element elementor-element-4539652 elementor-widget elementor-widget-spacer\" data-id=\"4539652\" data-element_type=\"widget\" data-e-type=\"widget\" data-widget_type=\"spacer.default\">\n\t\t\t\t<div class=\"elementor-widget-container\">\n\t\t\t\t\t\t\t<div class=\"elementor-spacer\">\n\t\t\t<div class=\"elementor-spacer-inner\"><\/div>\n\t\t<\/div>\n\t\t\t\t\t\t<\/div>\n\t\t\t\t<\/div>\n\t\t\t\t\t<\/div>\n\t\t<\/div>\n\t\t\t\t\t<\/div>\n\t\t<\/section>\n\t\t\t\t<section class=\"elementor-section elementor-top-section elementor-element elementor-element-66f5c05 elementor-section-full_width elementor-section-height-default elementor-section-height-default\" data-id=\"66f5c05\" data-element_type=\"section\" data-e-type=\"section\">\n\t\t\t\t\t\t<div class=\"elementor-container elementor-column-gap-default\">\n\t\t\t\t\t<div class=\"elementor-column elementor-col-50 elementor-top-column elementor-element elementor-element-2bfb725\" data-id=\"2bfb725\" data-element_type=\"column\" data-e-type=\"column\" data-settings=\"{&quot;background_background&quot;:&quot;classic&quot;}\">\n\t\t\t<div class=\"elementor-widget-wrap elementor-element-populated\">\n\t\t\t\t\t\t<div class=\"elementor-element elementor-element-3245b01 elementor-widget elementor-widget-spacer\" data-id=\"3245b01\" data-element_type=\"widget\" data-e-type=\"widget\" data-widget_type=\"spacer.default\">\n\t\t\t\t<div class=\"elementor-widget-container\">\n\t\t\t\t\t\t\t<div class=\"elementor-spacer\">\n\t\t\t<div class=\"elementor-spacer-inner\"><\/div>\n\t\t<\/div>\n\t\t\t\t\t\t<\/div>\n\t\t\t\t<\/div>\n\t\t\t\t\t<\/div>\n\t\t<\/div>\n\t\t\t\t<div class=\"elementor-column elementor-col-50 elementor-top-column elementor-element elementor-element-a84a160\" data-id=\"a84a160\" data-element_type=\"column\" data-e-type=\"column\">\n\t\t\t<div class=\"elementor-widget-wrap elementor-element-populated\">\n\t\t\t\t\t\t<div class=\"elementor-element elementor-element-12537bb elementor-widget elementor-widget-heading\" data-id=\"12537bb\" data-element_type=\"widget\" data-e-type=\"widget\" data-widget_type=\"heading.default\">\n\t\t\t\t<div class=\"elementor-widget-container\">\n\t\t\t\t\t<h2 class=\"elementor-heading-title elementor-size-default\">Urkunde aus dem Jahr 1209 <\/h2>\t\t\t\t<\/div>\n\t\t\t\t<\/div>\n\t\t\t\t<div class=\"elementor-element elementor-element-14b6a35 elementor-widget elementor-widget-text-editor\" data-id=\"14b6a35\" data-element_type=\"widget\" data-e-type=\"widget\" data-widget_type=\"text-editor.default\">\n\t\t\t\t<div class=\"elementor-widget-container\">\n\t\t\t\t\t\t\t\t\t<p>Kurz nach seiner ersten Erw\u00e4hnung im Jahre 1181 erhielt Vara\u017edin ein weiteres wichtiges Dokument \u2013 eine Urkunde, die den B\u00fcrgern die Rechte einer k\u00f6niglichen und freien Stadt verlieh. So war Vara\u017edin die erste Stadt im damaligen kontinentalen Kroatien, in der die B\u00fcrger das Recht hatten, ihren eigenen <em>Richter<\/em>zu w\u00e4hlen, und nicht verpflichtet waren, Steuern zu zahlen. <\/p><p><br>Diese Urkunde wurde vom kroatisch-ungarischen K\u00f6nig Andreas II. ausgestellt, der, in dieser turbulenten Zeit der kroatischen und ungarischen Geschichte, eine Zeitlang in der N\u00e4he von Vara\u017edin festgehalten wurde, so dass die B\u00fcrger ihm (offensichtlich) halfen die Gef\u00e4ngnistage leichter zu \u00fcberstehen. Aus Dankbarkeit f\u00fcr die Gastfreundschaft und Hilfe belohnte der K\u00f6nig sie mit diesem Privileg, das f\u00fcr Vara\u017edin von entscheidender Bedeutung war. Die Einwohner von Vara\u017edin sind in symbolischer Hinsicht auch heute noch sehr stolz darauf. <\/p>\t\t\t\t\t\t\t\t<\/div>\n\t\t\t\t<\/div>\n\t\t\t\t\t<\/div>\n\t\t<\/div>\n\t\t\t\t\t<\/div>\n\t\t<\/section>\n\t\t\t\t<section class=\"elementor-section elementor-top-section elementor-element elementor-element-eade777 elementor-section-height-min-height elementor-section-boxed elementor-section-height-default elementor-section-items-middle\" data-id=\"eade777\" data-element_type=\"section\" data-e-type=\"section\" data-settings=\"{&quot;background_background&quot;:&quot;classic&quot;}\">\n\t\t\t\t\t\t\t<div class=\"elementor-background-overlay\"><\/div>\n\t\t\t\t\t\t\t<div class=\"elementor-container elementor-column-gap-default\">\n\t\t\t\t\t<div class=\"elementor-column elementor-col-100 elementor-top-column elementor-element elementor-element-1f01152\" data-id=\"1f01152\" data-element_type=\"column\" data-e-type=\"column\">\n\t\t\t<div class=\"elementor-widget-wrap elementor-element-populated\">\n\t\t\t\t\t\t<div class=\"elementor-element elementor-element-df4b053 elementor-widget elementor-widget-text-editor\" data-id=\"df4b053\" data-element_type=\"widget\" data-e-type=\"widget\" data-widget_type=\"text-editor.default\">\n\t\t\t\t<div class=\"elementor-widget-container\">\n\t\t\t\t\t\t\t\t\t<p>Vara\u017edin wird zur <strong>Hauptstadt<\/strong><\/p>\t\t\t\t\t\t\t\t<\/div>\n\t\t\t\t<\/div>\n\t\t\t\t<div class=\"elementor-element elementor-element-bd78300 elementor-widget elementor-widget-text-editor\" data-id=\"bd78300\" data-element_type=\"widget\" data-e-type=\"widget\" data-widget_type=\"text-editor.default\">\n\t\t\t\t<div class=\"elementor-widget-container\">\n\t\t\t\t\t\t\t\t\t<p>Der Status einer freien k\u00f6niglichen Stadt erm\u00f6glichte, im Laufe des Mittelalters, eine schnelle wirtschaftliche und soziale Entwicklung Vara\u017edins. Seine Bedeutung wurde Mitte des 18. Jahrhunderts, im Jahre 1756, best\u00e4tigt, als der kroatische Ban Franjo Nadasdy in der Stadt herrschte. Damals versammelte sich in Vara\u017edin die gesamte politische, wirtschaftliche und kulturelle Elite des K\u00f6nigreichs Kroatien. Deshalb entschied sich Kaiserin Maria Theresia im Jahr 1767, den kroatischen K\u00f6nigsrat, genauer gesagt die Regierung, zu gr\u00fcnden und Vara\u017edin ausdr\u00fccklich als Sitz dieser Einrichtung zu benennen.    <\/p><p><br>Auf diese Weise wurde Vara\u017edin zur Hauptstadt des K\u00f6nigreichs Kroatien, Slawonien und Dalmatien. Die politische Macht ver\u00e4nderte die Stadt erheblich, denn in dieser ehemaligen Siedlung von Handwerkern und Kaufleuten entstanden fast \u00fcber Nacht Adelsh\u00e4user und Pal\u00e4ste.<\/p>\t\t\t\t\t\t\t\t<\/div>\n\t\t\t\t<\/div>\n\t\t\t\t\t<\/div>\n\t\t<\/div>\n\t\t\t\t\t<\/div>\n\t\t<\/section>\n\t\t\t\t<section class=\"elementor-section elementor-top-section elementor-element elementor-element-309c716 elementor-section-full_width elementor-section-height-default elementor-section-height-default\" data-id=\"309c716\" data-element_type=\"section\" data-e-type=\"section\">\n\t\t\t\t\t\t<div class=\"elementor-container elementor-column-gap-default\">\n\t\t\t\t\t<div class=\"elementor-column elementor-col-50 elementor-top-column elementor-element elementor-element-02c00b7\" data-id=\"02c00b7\" data-element_type=\"column\" data-e-type=\"column\" data-settings=\"{&quot;background_background&quot;:&quot;classic&quot;}\">\n\t\t\t<div class=\"elementor-widget-wrap elementor-element-populated\">\n\t\t\t\t\t\t<div class=\"elementor-element elementor-element-a349db1 elementor-widget elementor-widget-heading\" data-id=\"a349db1\" data-element_type=\"widget\" data-e-type=\"widget\" data-widget_type=\"heading.default\">\n\t\t\t\t<div class=\"elementor-widget-container\">\n\t\t\t\t\t<h2 class=\"elementor-heading-title elementor-size-default\">Der Brand im Jahre 1776 <\/h2>\t\t\t\t<\/div>\n\t\t\t\t<\/div>\n\t\t\t\t<div class=\"elementor-element elementor-element-740bb5d elementor-widget elementor-widget-text-editor\" data-id=\"740bb5d\" data-element_type=\"widget\" data-e-type=\"widget\" data-widget_type=\"text-editor.default\">\n\t\t\t\t<div class=\"elementor-widget-container\">\n\t\t\t\t\t\t\t\t\t<p>Der Grund, warum Vara\u017edin heute nicht mehr die Hauptstadt ist, ist Tabak.<\/p><p><br>Am 25. April 1776 brach n\u00e4mlich aufgrund der Nachl\u00e4ssigkeit eines Jungen aus der Umgebung von Vara\u017edin ein Feuer auf dem Dach des Rathauses aus, welches sich bald zu einem gro\u00dfen Brand entwickelte. Der Junge wurde angeblich von einem hungrigen Schwein gejagt, so dass der brennende Tabak auf das Heu fiel. Die vom Wind getragenen Flammen breiteten sich schnell aus. Das Feuer verschlang die gesamte Stadt innerhalb der damaligen Stadtmauern. Um alles noch schlimmer zu machen, war im Keller eines Handelshauses Schie\u00dfpulver versteckt, dessen starke Detonation noch gr\u00f6\u00dfere Panik ausl\u00f6ste. Das Feuer wurde erst am dritten Tag v\u00f6llig gel\u00f6scht. Bis dahin verschlang es fast 80 % der H\u00e4user und Geb\u00e4ude.     <\/p><p><br>Danach velie\u00dfen dar Ban, der K\u00f6nigliche Rat, das Parlament, der Adel, zahlreiche B\u00fcrger und Handwerker die Stadt Vara\u017edin und zogen nach Zagreb.<\/p>\t\t\t\t\t\t\t\t<\/div>\n\t\t\t\t<\/div>\n\t\t\t\t\t<\/div>\n\t\t<\/div>\n\t\t\t\t<div class=\"elementor-column elementor-col-50 elementor-top-column elementor-element elementor-element-2d9f883\" data-id=\"2d9f883\" data-element_type=\"column\" data-e-type=\"column\" data-settings=\"{&quot;background_background&quot;:&quot;classic&quot;}\">\n\t\t\t<div class=\"elementor-widget-wrap elementor-element-populated\">\n\t\t\t\t\t\t<div class=\"elementor-element elementor-element-fc3a92e elementor-widget elementor-widget-image\" data-id=\"fc3a92e\" data-element_type=\"widget\" data-e-type=\"widget\" data-widget_type=\"image.default\">\n\t\t\t\t<div class=\"elementor-widget-container\">\n\t\t\t\t\t\t\t\t\t\t\t\t\t\t\t<img loading=\"lazy\" decoding=\"async\" width=\"800\" height=\"532\" src=\"https:\/\/visitvarazdin.hr\/wp-content\/uploads\/2021\/12\/pozar_dobrovoljno-vatrogasno-drustvo-1024x681.jpg\" class=\"attachment-large size-large wp-image-15451\" alt=\"\" srcset=\"https:\/\/visitvarazdin.hr\/wp-content\/uploads\/2021\/12\/pozar_dobrovoljno-vatrogasno-drustvo-1024x681.jpg 1024w, https:\/\/visitvarazdin.hr\/wp-content\/uploads\/2021\/12\/pozar_dobrovoljno-vatrogasno-drustvo-300x200.jpg 300w, https:\/\/visitvarazdin.hr\/wp-content\/uploads\/2021\/12\/pozar_dobrovoljno-vatrogasno-drustvo-768x511.jpg 768w, https:\/\/visitvarazdin.hr\/wp-content\/uploads\/2021\/12\/pozar_dobrovoljno-vatrogasno-drustvo-1536x1022.jpg 1536w, https:\/\/visitvarazdin.hr\/wp-content\/uploads\/2021\/12\/pozar_dobrovoljno-vatrogasno-drustvo.jpg 2048w\" sizes=\"auto, (max-width: 800px) 100vw, 800px\" \/>\t\t\t\t\t\t\t\t\t\t\t\t\t\t\t<\/div>\n\t\t\t\t<\/div>\n\t\t\t\t<div class=\"elementor-element elementor-element-9c26238 elementor-widget elementor-widget-heading\" data-id=\"9c26238\" data-element_type=\"widget\" data-e-type=\"widget\" data-widget_type=\"heading.default\">\n\t\t\t\t<div class=\"elementor-widget-container\">\n\t\t\t\t\t<h2 class=\"elementor-heading-title elementor-size-default\">Freiwillige Feuerwehr<\/h2>\t\t\t\t<\/div>\n\t\t\t\t<\/div>\n\t\t\t\t<div class=\"elementor-element elementor-element-041a54c elementor-widget elementor-widget-text-editor\" data-id=\"041a54c\" data-element_type=\"widget\" data-e-type=\"widget\" data-widget_type=\"text-editor.default\">\n\t\t\t\t<div class=\"elementor-widget-container\">\n\t\t\t\t\t\t\t\t\t<p>Br\u00e4nde waren damals wie heute keine Seltenheit. Sie wiederholten sich und passierten oft. Trotzdem hat sich aus den schlimmen Ereignissen doch etwas Gutes ergeben. Denn nach dem L\u00f6schen des Brandes im Jesuitenkolleg im Jahr 1864, kamen die Feuerbek\u00e4mpfer auf die Idee, eine Feuerwehr zu gr\u00fcnden. Das Unternehmen wurde im Mai desselben Jahres gegr\u00fcndet und ist die \u00e4lteste freiwillige Feuerwehr in diesem Teil Europas. Unmittelbar nach ihrer Gr\u00fcndung wollten viele Einwohner von Vara\u017edin deren Mitglied werden. Aus diesem Grund hatte sie bald beeindruckende 200 Mitglieder.      <br>Von der Geschichte von Vara\u017edin und der kroatischen Feuerwehr erz\u00e4hlt das einzigartige Museum der kroatischen Feuerwehr, welches Sie unbedigt besuchen sollten.<\/p>\t\t\t\t\t\t\t\t<\/div>\n\t\t\t\t<\/div>\n\t\t\t\t\t<\/div>\n\t\t<\/div>\n\t\t\t\t\t<\/div>\n\t\t<\/section>\n\t\t\t\t<section class=\"elementor-section elementor-top-section elementor-element elementor-element-f834b16 elementor-section-full_width elementor-section-height-min-height elementor-section-height-default elementor-section-items-middle\" data-id=\"f834b16\" data-element_type=\"section\" data-e-type=\"section\">\n\t\t\t\t\t\t<div class=\"elementor-container elementor-column-gap-default\">\n\t\t\t\t\t<div class=\"elementor-column elementor-col-100 elementor-top-column elementor-element elementor-element-65a4eed\" data-id=\"65a4eed\" data-element_type=\"column\" data-e-type=\"column\">\n\t\t\t<div class=\"elementor-widget-wrap elementor-element-populated\">\n\t\t\t\t\t\t<section class=\"elementor-section elementor-inner-section elementor-element elementor-element-0e3b572 elementor-section-full_width elementor-section-height-min-height elementor-section-height-default\" data-id=\"0e3b572\" data-element_type=\"section\" data-e-type=\"section\" data-settings=\"{&quot;background_background&quot;:&quot;classic&quot;}\">\n\t\t\t\t\t\t<div class=\"elementor-container elementor-column-gap-default\">\n\t\t\t\t\t<div class=\"elementor-column elementor-col-50 elementor-inner-column elementor-element elementor-element-b02c1fb\" data-id=\"b02c1fb\" data-element_type=\"column\" data-e-type=\"column\">\n\t\t\t<div class=\"elementor-widget-wrap elementor-element-populated\">\n\t\t\t\t\t\t<div class=\"elementor-element elementor-element-8a87ac6 elementor--h-position-center elementor--v-position-middle elementor-arrows-position-inside elementor-widget elementor-widget-slides\" data-id=\"8a87ac6\" data-element_type=\"widget\" data-e-type=\"widget\" id=\"orange-slider-rev\" data-settings=\"{&quot;navigation&quot;:&quot;arrows&quot;,&quot;infinite&quot;:&quot;yes&quot;,&quot;transition&quot;:&quot;slide&quot;,&quot;transition_speed&quot;:500}\" data-widget_type=\"slides.default\">\n\t\t\t\t<div class=\"elementor-widget-container\">\n\t\t\t\t\t\t\t\t\t<div class=\"elementor-swiper\">\n\t\t\t\t\t<div class=\"elementor-slides-wrapper elementor-main-swiper swiper\" role=\"region\" aria-roledescription=\"carousel\" aria-label=\"Slider\" dir=\"ltr\" data-animation=\"fadeInRight\">\n\t\t\t\t<div class=\"swiper-wrapper elementor-slides\">\n\t\t\t\t\t\t\t\t\t\t<div class=\"elementor-repeater-item-74ebaf2 swiper-slide\" role=\"group\" aria-roledescription=\"slide\"><div class=\"swiper-slide-bg\" role=\"img\" aria-label=\"DF1_3430\"><\/div><div class=\"swiper-slide-inner\" ><div class=\"swiper-slide-contents\"><\/div><\/div><\/div><div class=\"elementor-repeater-item-f270628 swiper-slide\" role=\"group\" aria-roledescription=\"slide\"><div class=\"swiper-slide-bg\" role=\"img\" aria-label=\"DF1_3400\"><\/div><div class=\"swiper-slide-inner\" ><div class=\"swiper-slide-contents\"><\/div><\/div><\/div>\t\t\t\t<\/div>\n\t\t\t\t\t\t\t\t\t\t\t\t\t\t\t<div class=\"elementor-swiper-button elementor-swiper-button-prev\" role=\"button\" tabindex=\"0\" aria-label=\"Vorheriger Slide\">\n\t\t\t\t\t\t\t<i aria-hidden=\"true\" class=\"eicon-chevron-left\"><\/i>\t\t\t\t\t\t<\/div>\n\t\t\t\t\t\t<div class=\"elementor-swiper-button elementor-swiper-button-next\" role=\"button\" tabindex=\"0\" aria-label=\"N\u00e4chster Slide\">\n\t\t\t\t\t\t\t<i aria-hidden=\"true\" class=\"eicon-chevron-right\"><\/i>\t\t\t\t\t\t<\/div>\n\t\t\t\t\t\t\t\t\t\t\t\t\t\t\t\t\t<\/div>\n\t\t\t\t<\/div>\n\t\t\t\t\t\t\t\t<\/div>\n\t\t\t\t<\/div>\n\t\t\t\t\t<\/div>\n\t\t<\/div>\n\t\t\t\t<div class=\"elementor-column elementor-col-50 elementor-inner-column elementor-element elementor-element-a34b193\" data-id=\"a34b193\" data-element_type=\"column\" data-e-type=\"column\">\n\t\t\t<div class=\"elementor-widget-wrap elementor-element-populated\">\n\t\t\t\t\t\t<div class=\"elementor-element elementor-element-d49500b elementor-widget elementor-widget-heading\" data-id=\"d49500b\" data-element_type=\"widget\" data-e-type=\"widget\" data-widget_type=\"heading.default\">\n\t\t\t\t<div class=\"elementor-widget-container\">\n\t\t\t\t\t<h2 class=\"elementor-heading-title elementor-size-default\">Gr\u00e4fin Marica<\/h2>\t\t\t\t<\/div>\n\t\t\t\t<\/div>\n\t\t\t\t<div class=\"elementor-element elementor-element-deb3ebe elementor-widget elementor-widget-text-editor\" data-id=\"deb3ebe\" data-element_type=\"widget\" data-e-type=\"widget\" data-widget_type=\"text-editor.default\">\n\t\t\t\t<div class=\"elementor-widget-container\">\n\t\t\t\t\t\t\t\t\t<p>Die Mitte des 19. Jahrhunderts bezeichnet man als das goldene Zeitalter Europas. <em>Belle \u00c9poque<\/em>, also eine sch\u00f6ne Zeit, die fast ein halbes Jahrhundert Frieden und wirtschaftlich-sozialen Fortschritt in ganz Mitteleuropa kennzeichnet. Dem Fortschritt und der Entwicklung folgt auch die Kultur, symbolisiert durch fr\u00f6hliche Salonfeste, Wiener Walzer, Grammophone und Zeitungen, feine Manieren und \u00e4sthetisch hohe Anspr\u00fcche in allen Bereichen des menschlichen Lebens.   <\/p><p><br>Mode, kulinarische und musikalische Innovationen treffen in Vara\u017edin fast zur gleichen Zeit ein, wie auch in gr\u00f6\u00dferen europ\u00e4ischen Hauptst\u00e4dten. Kaffeeh\u00e4user wurden zu zentralen Orten sich zu treffen und sich zu vergn\u00fcgen. Auf dem Hauptplatz von Vara\u017edin gab es ein echtes Kaffeehaus, \u00fcber dem der Komponist Emmerich Kalman einige Zeitlang lebte. Angeblich soll er die Gesellschaft einer gewissen Gr\u00e4fin namens Marica genossen haben. Als er seine ber\u00fchmte Operette schrieb, benannte er das Werk nach ihr. <\/p><p><br>Nicht nur hatte er seine Operette nach seiner Freundin aus Vara\u017edin benannt, sondern auch der Stadt Vara\u017edin den gr\u00f6\u00dften \u201eHit\u201c dieses Werkes, das Lied <em>Komm mit nach Vara\u017edin<\/em> gewidmet, welches in der ganzen Habsburgermonarchie gerne geh\u00f6rt, gesungen und aufgef\u00fchrt wurde (mit diversen Text\u00e4nderungen).<\/p><p><br>Auch heute befindet sich an der gleichen Stelle ein Kaffeehaus, das nach der Geliebten des Komponisten, Gr\u00e4fin Marica, benannt ist. Mit seiner Einrichtung, sowie mit dem Angebot an Kaffee und Kuchen, bewahrt es die Erinnerung an Vara\u017edins <em>Belle \u00c9poque.<\/em><\/p>\t\t\t\t\t\t\t\t<\/div>\n\t\t\t\t<\/div>\n\t\t\t\t\t<\/div>\n\t\t<\/div>\n\t\t\t\t\t<\/div>\n\t\t<\/section>\n\t\t\t\t\t<\/div>\n\t\t<\/div>\n\t\t\t\t\t<\/div>\n\t\t<\/section>\n\t\t\t\t<section class=\"elementor-section elementor-top-section elementor-element elementor-element-f0e1809 elementor-section-boxed elementor-section-height-default elementor-section-height-default\" data-id=\"f0e1809\" data-element_type=\"section\" data-e-type=\"section\">\n\t\t\t\t\t\t<div class=\"elementor-container elementor-column-gap-default\">\n\t\t\t\t\t<div class=\"elementor-column elementor-col-100 elementor-top-column elementor-element elementor-element-d07ae77\" data-id=\"d07ae77\" data-element_type=\"column\" data-e-type=\"column\">\n\t\t\t<div class=\"elementor-widget-wrap elementor-element-populated\">\n\t\t\t\t\t\t<div class=\"elementor-element elementor-element-47892cc elementor-widget elementor-widget-heading\" data-id=\"47892cc\" data-element_type=\"widget\" data-e-type=\"widget\" data-widget_type=\"heading.default\">\n\t\t\t\t<div class=\"elementor-widget-container\">\n\t\t\t\t\t<h2 class=\"elementor-heading-title elementor-size-default\">Eine offene Stadt<\/h2>\t\t\t\t<\/div>\n\t\t\t\t<\/div>\n\t\t\t\t<div class=\"elementor-element elementor-element-1127bb0 elementor-widget elementor-widget-text-editor\" data-id=\"1127bb0\" data-element_type=\"widget\" data-e-type=\"widget\" data-widget_type=\"text-editor.default\">\n\t\t\t\t<div class=\"elementor-widget-container\">\n\t\t\t\t\t\t\t\t\t<p>Vara\u017edin war schon immer eine weltoffene Stadt. Da es an einer Wegkreuzung entstand und sich zu einem Handels- und Handwerkszentrum entwickelte, kamen nach Vara\u017edin Menschen aus ganz Europa, um Gesch\u00e4fte zu machen, oder hier zu leben. Dieser offene Geist blieb in Form eines ganzen Netzwerks von Partnerst\u00e4dten, mit denen er weit \u00fcber die Grenzen Europas hinausging.  <\/p><p><br>Seine Partnerst\u00e4dte sind: Auxerre (Frankreich), Bad Radkersburg (\u00d6sterreich), Montale (Italien), Koblenz (Deutschland), Ptuj (Slowenien), Ravensburg (Deutschland), Schaffhausen (die Schweiz), Shaki City (Aserbaidschan), Trnava (die Slowakei) , Zalaegerszeg (Ungarn), Wuhan (China).<\/p>\t\t\t\t\t\t\t\t<\/div>\n\t\t\t\t<\/div>\n\t\t\t\t\t<\/div>\n\t\t<\/div>\n\t\t\t\t\t<\/div>\n\t\t<\/section>\n\t\t\t\t<section class=\"elementor-section elementor-top-section elementor-element elementor-element-d9f2a93 elementor-section-full_width elementor-section-height-min-height elementor-section-height-default elementor-section-items-middle\" data-id=\"d9f2a93\" data-element_type=\"section\" data-e-type=\"section\">\n\t\t\t\t\t\t<div class=\"elementor-container elementor-column-gap-default\">\n\t\t\t\t\t<div class=\"elementor-column elementor-col-100 elementor-top-column elementor-element elementor-element-d6c0848\" data-id=\"d6c0848\" data-element_type=\"column\" data-e-type=\"column\">\n\t\t\t<div class=\"elementor-widget-wrap elementor-element-populated\">\n\t\t\t\t\t\t<div class=\"elementor-element elementor-element-3952246 elementor--h-position-center elementor--v-position-middle elementor-arrows-position-inside elementor-pagination-position-inside elementor-widget elementor-widget-slides\" data-id=\"3952246\" data-element_type=\"widget\" data-e-type=\"widget\" data-settings=\"{&quot;autoplay_speed&quot;:9000,&quot;navigation&quot;:&quot;both&quot;,&quot;autoplay&quot;:&quot;yes&quot;,&quot;pause_on_hover&quot;:&quot;yes&quot;,&quot;pause_on_interaction&quot;:&quot;yes&quot;,&quot;infinite&quot;:&quot;yes&quot;,&quot;transition&quot;:&quot;slide&quot;,&quot;transition_speed&quot;:500}\" data-widget_type=\"slides.default\">\n\t\t\t\t<div class=\"elementor-widget-container\">\n\t\t\t\t\t\t\t\t\t<div class=\"elementor-swiper\">\n\t\t\t\t\t<div class=\"elementor-slides-wrapper elementor-main-swiper swiper\" role=\"region\" aria-roledescription=\"carousel\" aria-label=\"Slider\" dir=\"ltr\" data-animation=\"fadeInRight\">\n\t\t\t\t<div class=\"swiper-wrapper elementor-slides\">\n\t\t\t\t\t\t\t\t\t\t<div class=\"elementor-repeater-item-d9b8fe0 swiper-slide\" role=\"group\" aria-roledescription=\"slide\"><div class=\"swiper-slide-bg\"><\/div><div class=\"swiper-slide-inner\" ><div class=\"swiper-slide-contents\"><div class=\"elementor-slide-heading\">Wussten sie schon?<\/div><div class=\"elementor-slide-description\"><br><b>Wussten Sie, dass Vara\u017edin die einzige Stadt ist, die \u00fcber ein \u00e4u\u00dferst wertvolles lexikografisches Werk verf\u00fcgt \u2013 ein eigenes W\u00f6rterbuch? <\/b>\n<br>\n<br>\nAber nicht dank eines Linguisten, sondern dank eines gro\u00dfen Vara\u017ediner Schauspielers, Tomislav Lipljin, der \u201eals echter Vara\u017ediner\u201c mit Wort und Tat seine Liebe und Loyalit\u00e4t gegen\u00fcber dem kajkavischen Dialekt immer wieder aufs Neue zum Ausdruck brachte. Das umfangreiche Werk ''Das W\u00f6rterbuch der Vara\u017ediner kajkavischen Stadtsprache'' ist ein seltener und wertvoller Beitrag zum Erforschen des urbanen kajkavischen Dialekts. <\/div><\/div><\/div><\/div><div class=\"elementor-repeater-item-733ab88 swiper-slide\" role=\"group\" aria-roledescription=\"slide\"><div class=\"swiper-slide-bg\"><\/div><div class=\"swiper-slide-inner\" ><div class=\"swiper-slide-contents\"><div class=\"elementor-slide-heading\">Wussten sie schon?<\/div><div class=\"elementor-slide-description\"><br><b>Wussten Sie, dass Nikola Tesla Vara\u017edin besucht hat?<\/b>\n<br>\n<br>\nTeslas Onkel, mit dem Nikola eng verbunden war, hat in Vara\u017edin gelebt. Zwei Jahre nach dem Tod seiner Mutter gelang es ihm schlie\u00dflich, seinen Onkel zu besuchen und zwei volle Tage in Vara\u017edin zu bleiben, was f\u00fcr Tesla und seine Reisegewohnheiten eine lange Zeit war. Einer Legende nach soll er, beim Herumh\u00e4ngen mit seinem Onkel, den sogenannten Noja getrunken haben, ein Wein aus einer besonderen, f\u00fcr seine St\u00e4rke bekannten Rebsorte. Dieser Wein hat ihm so gut geschmeckt, dass sein Lieblingsonkel f\u00fcr den Rest seines Lebens regelm\u00e4\u00dfige Lieferungen nach Amerika schicken musste.   <\/div><\/div><\/div><\/div><div class=\"elementor-repeater-item-3a38816 swiper-slide\" role=\"group\" aria-roledescription=\"slide\"><div class=\"swiper-slide-bg\"><\/div><div class=\"swiper-slide-inner\" ><div class=\"swiper-slide-contents\"><div class=\"elementor-slide-heading\">Wussten sie schon?<\/div><div class=\"elementor-slide-description\"><br><b>Wussten Sie, dass es eine Verbindung zwischen Ivana Brli\u0107-Ma\u017eurani\u0107 und der Stadt Vara\u017edin gibt?<\/b>\n<br>\n<br>\nIvana Brli\u0107-Ma\u017eurani\u0107 war eine der bedeutendsten kroatischen Kinderbuchautorinnen. Sie wird auch \"kroatische Andersen\" oder \"K\u00f6nigin der kroatischen Geschichten\" genannt. Ihr Gro\u00dfvater m\u00fctterlicherseits war Apotheker in der Franziskaner-Apotheke. Einem Patienten gab er versehentlich das Gift Strychnin statt Aspirin, und floh deswegen nach Bulgarien. Seine Tochter, die Mutter von Ivana Brli\u0107 Ma\u017eurani\u0107, erbte ein Haus auf Hali\u0107, einem H\u00fcgel in der N\u00e4he von Vara\u017edin, wo die Familie Urlaub machte, bis sie 16 Jahre alt war, als sie es verkauften. Vara\u017edin und das nahe gelegene Hali\u0107 blieben jedoch fest in Ivanas Erinnerung, so dass sie die Kurzgeschichte Baba Jaga aus Hali\u0107 schrieb, die bis 2012 verschollen war.     <\/div><\/div><\/div><\/div><div class=\"elementor-repeater-item-7d8d1e6 swiper-slide\" role=\"group\" aria-roledescription=\"slide\"><div class=\"swiper-slide-bg\"><\/div><div class=\"swiper-slide-inner\" ><div class=\"swiper-slide-contents\"><div class=\"elementor-slide-heading\">Wussten sie schon?<\/div><div class=\"elementor-slide-description\"><br><b>Wie kann ein Schneiderlehrling den Friedhof in einen \u201egr\u00fcnen Vorhof zum Paradies\u201c verwandeln?\n<\/b>\n<br>\n<br>\nHerman Haller, der ber\u00fchmte Friedhofsverwalter, der aus der letzten Ruhest\u00e4tte von Vara\u017edin ein Wunder des urbanen Gartenbaus schuf, war eigentlich Schneiderlehrling. Als junger Schneider reiste er durch ganz Europa, aber seine Schere benutzte er nicht zum Schneiden des Stoffes, sondern verwendete sie an Thujen, Buchsb\u00e4ume, Magnolien und Eiben. Auf diese Weise machte er den Friedhof zu einem Ort, an dem man gerne nach Ruhe und Frieden sucht. <\/div><\/div><\/div><\/div><div class=\"elementor-repeater-item-df00e73 swiper-slide\" role=\"group\" aria-roledescription=\"slide\"><div class=\"swiper-slide-bg\"><\/div><div class=\"swiper-slide-inner\" ><div class=\"swiper-slide-contents\"><div class=\"elementor-slide-heading\">Wussten sie schon?<\/div><div class=\"elementor-slide-description\"><br><b>Wie kann man auf der Insel Bra\u010d leben und anstelle vom Meer die Stadt Vara\u017edin malen?\n<\/b>\n<br>\n<br>\nWenn Sie Miljenko Stan\u010di\u0107 hei\u00dfen und ein gro\u00dfartiger Maler sind, f\u00fcr den Vara\u017edin ein \u201eMa\u00df und Muster\u201c ist, dann k\u00f6nnen Sie sich das erlauben. Stan\u010di\u0107, dessen Namen der wahrscheinlich sch\u00f6nste Platz in Vara\u017edin, mit einem herrlichen Blick auf die Alte Burg tr\u00e4gt, war verliebt in das Erscheinungsbild seiner Heimatstadt, die ihn \u00fcberall hin begleitete - sogar ans Meer. <\/div><\/div><\/div><\/div><div class=\"elementor-repeater-item-90cb666 swiper-slide\" role=\"group\" aria-roledescription=\"slide\"><div class=\"swiper-slide-bg\"><\/div><div class=\"swiper-slide-inner\" ><div class=\"swiper-slide-contents\"><div class=\"elementor-slide-heading\">Wussten sie schon?<\/div><div class=\"elementor-slide-description\"><br><b>Wissen Sie, warum die Thujen auf dem Friedhof weinen?<\/b>\n<br>\n<br>\nKyparissos, nach griechischer Sage ein Sohn des Telephus und ein Liebling des Apollon, der aus Versehen einen zahmen Hirsch t\u00f6tete und aus Trauer dar\u00fcber auf seine Bitte in die als Trauerbaum geltende Zypresse (griechisch kyparissos) verwandelt wurde. Kyparissos umsorgt das zutrauliche Tier lange Zeit, so dass es sich ihm schlie\u00dflich sogar als Reittier anbot. Als er es aus Versehen mit seinem Jagdspie\u00df erlegte, w\u00e4hrend es im Unterholz schlief, bat er die G\u00f6tter ihn von seinem Leid zu befreien und sie verwandelten ihn in eine Zypresse. Seine herabflie\u00dfenden Kummertr\u00e4nen flie\u00dfen nach seiner Verwandlung als Baumharz weiter.     <\/div><\/div><\/div><\/div><div class=\"elementor-repeater-item-3ab43ae swiper-slide\" role=\"group\" aria-roledescription=\"slide\"><div class=\"swiper-slide-bg\"><\/div><div class=\"swiper-slide-inner\" ><div class=\"swiper-slide-contents\"><div class=\"elementor-slide-heading\">Wussten sie schon?<\/div><div class=\"elementor-slide-description\"><br><b>Kennen Sie die Geschichte von Romeo und Julia aus Vara\u017edin?\n<\/b>\n<br>\n<br>\nDie Familie Pokupi\u0107 hatte zwei S\u00f6hne und eine wundersch\u00f6ne Tochter, Anastasia. W\u00e4hrend die jungen M\u00e4nner als Soldaten, Kroatien vor Napoleon besch\u00fctzten, spielte Anastasia, die Stazica genannt wurde, in den G\u00e4rten der Alten Burg. Das verspielte M\u00e4dchen w\u00e4re fast im Kanal ertrunken, aber Kapit\u00e4n Mili\u0107 rette ihr das Leben. Zwischen den zwei jungen Menschen entwickelte sich eine Liebe, die aber, wie in traurigen Liebesgeschichten, durch eine Familientrag\u00f6die zerst\u00f6rt wurde. Anastasias Vater wurde am Tag ihrer Hochzeit aus politischen Gr\u00fcnden hingerichtet, und sie war so von Trauer \u00fcberw\u00e4ltigt, dass sie krank wurde und am Ende starb. Anastazija und Mili\u0107 heirateten jedoch auf ihrem Sterbebett, und nach ihrem Tod war er sehr einsam und ging jeden Tag zum Friedhof, um sie zu suchen. Diese Stadtgeschichte wurde von Ksaver \u0160andor Gjalski in der Kurzgeschichte Die Liebe des Leutnants Mili\u0107 verewigt.       <\/div><\/div><\/div><\/div><div class=\"elementor-repeater-item-2999b30 swiper-slide\" role=\"group\" aria-roledescription=\"slide\"><div class=\"swiper-slide-bg\"><\/div><div class=\"swiper-slide-inner\" ><div class=\"swiper-slide-contents\"><div class=\"elementor-slide-heading\">Wussten sie schon?<\/div><div class=\"elementor-slide-description\"><br><b>Warum ist der Balkon des Sermage Palastes abgerundet?<\/b>\n<br>\n<br>\nGraf Sermage wollte, dass seine Tochter, die gerne Reifr\u00f6cke trug, auf dem Balkon in Ruhe den Ausblick auf die Stadt genie\u00dft und dabei beobachtet, wer zu Besuch kommt. Damit sich ihr Kleid nicht zerknittern w\u00fcrde, erhielt der Balkon damals eine ungew\u00f6hnliche, abgerundete Form, die heute eine besondere Dekoration an der bereits verspielten Fassade dieses erkennbaren Vara\u017ediner Palastes ist.  \n<\/div><\/div><\/div><\/div><div class=\"elementor-repeater-item-4a2f8cb swiper-slide\" role=\"group\" aria-roledescription=\"slide\"><div class=\"swiper-slide-bg\"><\/div><div class=\"swiper-slide-inner\" ><div class=\"swiper-slide-contents\"><div class=\"elementor-slide-heading\">Wussten sie schon?<\/div><div class=\"elementor-slide-description\"><br><b>Wussten Sie, dass Vara\u017edin, obwohl es eine kleine Stadt ist, unter seinen vielen Kirchen und Kapellen (insgesamt 12!) zwei mit demselben Namen hat?\n<\/b>\n<br>\n<br>\nDiese beiden Kirchen sind die Domkirche Mari\u00e4 Himmelfahrt und die Pfarrkirche Mari\u00e4 Himmelfahrt in Bi\u0161kupac. Die letztere befand sich urspr\u00fcnglich im Dorf Bi\u0161kupec in der N\u00e4he von Vara\u017edin, aber im Laufe der Zeit wurde Bi\u0161kupec selbst ein Teil der Stadt und damit auch seine Kirche. \n<\/div><\/div><\/div><\/div>\t\t\t\t<\/div>\n\t\t\t\t\t\t\t\t\t\t\t\t\t\t\t<div class=\"elementor-swiper-button elementor-swiper-button-prev\" role=\"button\" tabindex=\"0\" aria-label=\"Vorheriger Slide\">\n\t\t\t\t\t\t\t<i aria-hidden=\"true\" class=\"eicon-chevron-left\"><\/i>\t\t\t\t\t\t<\/div>\n\t\t\t\t\t\t<div class=\"elementor-swiper-button elementor-swiper-button-next\" role=\"button\" tabindex=\"0\" aria-label=\"N\u00e4chster Slide\">\n\t\t\t\t\t\t\t<i aria-hidden=\"true\" class=\"eicon-chevron-right\"><\/i>\t\t\t\t\t\t<\/div>\n\t\t\t\t\t\t\t\t\t\t\t\t\t\t\t\t<div class=\"swiper-pagination\"><\/div>\n\t\t\t\t\t\t\t\t\t\t\t\t<\/div>\n\t\t\t\t<\/div>\n\t\t\t\t\t\t\t\t<\/div>\n\t\t\t\t<\/div>\n\t\t\t\t\t<\/div>\n\t\t<\/div>\n\t\t\t\t\t<\/div>\n\t\t<\/section>\n\t\t\t\t<\/div>\n\t\t","protected":false},"excerpt":{"rendered":"<p>Schon seit der Zeit seiner Gr\u00fcndung bezaubert Vara\u017edin seine Besucher mit seiner Sch\u00f6nheit und Einzigartigkeit. Vara\u017edin hat w\u00e4hrend seiner langen Geschichte viele verscheidene Funktionen ausge\u00fcbt, aber auch seine zeitgen\u00f6ssische Bedeutung sollte nicht untersch\u00e4tzt werden. Die Stadt ist ein kleines, aber einflussreiches Kultur-, Wirtschafts-, Bildungs- und Touristenzentrum im Nordwesten Kroatiens und \u00fcberhaupt einer der wichtigsten Orte [&hellip;]<\/p>\n","protected":false},"author":1,"featured_media":0,"parent":0,"menu_order":0,"comment_status":"closed","ping_status":"closed","template":"elementor_header_footer","meta":{"_acf_changed":false,"footnotes":""},"class_list":["post-16841","page","type-page","status-publish","hentry"],"acf":[],"yoast_head":"<!-- This site is optimized with the Yoast SEO plugin v27.4 - https:\/\/yoast.com\/product\/yoast-seo-wordpress\/ -->\n<title>Vara\u017edin - Turisti\u010dka zajednica grada Vara\u017edina<\/title>\n<meta name=\"robots\" content=\"index, follow, max-snippet:-1, max-image-preview:large, max-video-preview:-1\" \/>\n<link rel=\"canonical\" href=\"https:\/\/visitvarazdin.hr\/de\/varazdin\/\" \/>\n<meta property=\"og:locale\" content=\"de_DE\" \/>\n<meta property=\"og:type\" content=\"article\" \/>\n<meta property=\"og:title\" content=\"Vara\u017edin - Turisti\u010dka zajednica grada Vara\u017edina\" \/>\n<meta property=\"og:description\" content=\"Schon seit der Zeit seiner Gr\u00fcndung bezaubert Vara\u017edin seine Besucher mit seiner Sch\u00f6nheit und Einzigartigkeit. Vara\u017edin hat w\u00e4hrend seiner langen Geschichte viele verscheidene Funktionen ausge\u00fcbt, aber auch seine zeitgen\u00f6ssische Bedeutung sollte nicht untersch\u00e4tzt werden. Die Stadt ist ein kleines, aber einflussreiches Kultur-, Wirtschafts-, Bildungs- und Touristenzentrum im Nordwesten Kroatiens und \u00fcberhaupt einer der wichtigsten Orte [&hellip;]\" \/>\n<meta property=\"og:url\" content=\"https:\/\/visitvarazdin.hr\/de\/varazdin\/\" \/>\n<meta property=\"og:site_name\" content=\"Turisti\u010dka zajednica grada Vara\u017edina\" \/>\n<meta property=\"article:modified_time\" content=\"2025-11-24T12:46:18+00:00\" \/>\n<meta property=\"og:image\" content=\"https:\/\/tzvz.simetrys.info\/wp-content\/uploads\/2021\/12\/pozar_dobrovoljno-vatrogasno-drustvo-1024x681.jpg\" \/>\n<meta name=\"twitter:card\" content=\"summary_large_image\" \/>\n<meta name=\"twitter:label1\" content=\"Gesch\u00e4tzte Lesezeit\" \/>\n\t<meta name=\"twitter:data1\" content=\"11\u00a0Minuten\" \/>\n<script type=\"application\/ld+json\" class=\"yoast-schema-graph\">{\"@context\":\"https:\\\/\\\/schema.org\",\"@graph\":[{\"@type\":\"WebPage\",\"@id\":\"https:\\\/\\\/visitvarazdin.hr\\\/de\\\/varazdin\\\/\",\"url\":\"https:\\\/\\\/visitvarazdin.hr\\\/de\\\/varazdin\\\/\",\"name\":\"Vara\u017edin - Turisti\u010dka zajednica grada Vara\u017edina\",\"isPartOf\":{\"@id\":\"https:\\\/\\\/visitvarazdin.hr\\\/de\\\/#website\"},\"primaryImageOfPage\":{\"@id\":\"https:\\\/\\\/visitvarazdin.hr\\\/de\\\/varazdin\\\/#primaryimage\"},\"image\":{\"@id\":\"https:\\\/\\\/visitvarazdin.hr\\\/de\\\/varazdin\\\/#primaryimage\"},\"thumbnailUrl\":\"https:\\\/\\\/tzvz.simetrys.info\\\/wp-content\\\/uploads\\\/2021\\\/12\\\/pozar_dobrovoljno-vatrogasno-drustvo-1024x681.jpg\",\"datePublished\":\"2022-04-09T08:03:19+00:00\",\"dateModified\":\"2025-11-24T12:46:18+00:00\",\"breadcrumb\":{\"@id\":\"https:\\\/\\\/visitvarazdin.hr\\\/de\\\/varazdin\\\/#breadcrumb\"},\"inLanguage\":\"de\",\"potentialAction\":[{\"@type\":\"ReadAction\",\"target\":[\"https:\\\/\\\/visitvarazdin.hr\\\/de\\\/varazdin\\\/\"]}]},{\"@type\":\"ImageObject\",\"inLanguage\":\"de\",\"@id\":\"https:\\\/\\\/visitvarazdin.hr\\\/de\\\/varazdin\\\/#primaryimage\",\"url\":\"https:\\\/\\\/tzvz.simetrys.info\\\/wp-content\\\/uploads\\\/2021\\\/12\\\/pozar_dobrovoljno-vatrogasno-drustvo-1024x681.jpg\",\"contentUrl\":\"https:\\\/\\\/tzvz.simetrys.info\\\/wp-content\\\/uploads\\\/2021\\\/12\\\/pozar_dobrovoljno-vatrogasno-drustvo-1024x681.jpg\"},{\"@type\":\"BreadcrumbList\",\"@id\":\"https:\\\/\\\/visitvarazdin.hr\\\/de\\\/varazdin\\\/#breadcrumb\",\"itemListElement\":[{\"@type\":\"ListItem\",\"position\":1,\"name\":\"Po\u010detna stranica\",\"item\":\"https:\\\/\\\/visitvarazdin.hr\\\/de\\\/\"},{\"@type\":\"ListItem\",\"position\":2,\"name\":\"Vara\u017edin\"}]},{\"@type\":\"WebSite\",\"@id\":\"https:\\\/\\\/visitvarazdin.hr\\\/de\\\/#website\",\"url\":\"https:\\\/\\\/visitvarazdin.hr\\\/de\\\/\",\"name\":\"Turisti\u010dka zajednica grada Vara\u017edina\",\"description\":\"\",\"publisher\":{\"@id\":\"https:\\\/\\\/visitvarazdin.hr\\\/de\\\/#organization\"},\"potentialAction\":[{\"@type\":\"SearchAction\",\"target\":{\"@type\":\"EntryPoint\",\"urlTemplate\":\"https:\\\/\\\/visitvarazdin.hr\\\/de\\\/?s={search_term_string}\"},\"query-input\":{\"@type\":\"PropertyValueSpecification\",\"valueRequired\":true,\"valueName\":\"search_term_string\"}}],\"inLanguage\":\"de\"},{\"@type\":\"Organization\",\"@id\":\"https:\\\/\\\/visitvarazdin.hr\\\/de\\\/#organization\",\"name\":\"Turisti\u010dka zajednica grada Vara\u017edina\",\"url\":\"https:\\\/\\\/visitvarazdin.hr\\\/de\\\/\",\"logo\":{\"@type\":\"ImageObject\",\"inLanguage\":\"de\",\"@id\":\"https:\\\/\\\/visitvarazdin.hr\\\/de\\\/#\\\/schema\\\/logo\\\/image\\\/\",\"url\":\"https:\\\/\\\/visitvarazdin.hr\\\/wp-content\\\/uploads\\\/2021\\\/10\\\/cropped-logo-tzgv-200-retina-189x200-1.png\",\"contentUrl\":\"https:\\\/\\\/visitvarazdin.hr\\\/wp-content\\\/uploads\\\/2021\\\/10\\\/cropped-logo-tzgv-200-retina-189x200-1.png\",\"width\":189,\"height\":200,\"caption\":\"Turisti\u010dka zajednica grada Vara\u017edina\"},\"image\":{\"@id\":\"https:\\\/\\\/visitvarazdin.hr\\\/de\\\/#\\\/schema\\\/logo\\\/image\\\/\"}}]}<\/script>\n<!-- \/ Yoast SEO plugin. -->","yoast_head_json":{"title":"Vara\u017edin - Turisti\u010dka zajednica grada Vara\u017edina","robots":{"index":"index","follow":"follow","max-snippet":"max-snippet:-1","max-image-preview":"max-image-preview:large","max-video-preview":"max-video-preview:-1"},"canonical":"https:\/\/visitvarazdin.hr\/de\/varazdin\/","og_locale":"de_DE","og_type":"article","og_title":"Vara\u017edin - Turisti\u010dka zajednica grada Vara\u017edina","og_description":"Schon seit der Zeit seiner Gr\u00fcndung bezaubert Vara\u017edin seine Besucher mit seiner Sch\u00f6nheit und Einzigartigkeit. Vara\u017edin hat w\u00e4hrend seiner langen Geschichte viele verscheidene Funktionen ausge\u00fcbt, aber auch seine zeitgen\u00f6ssische Bedeutung sollte nicht untersch\u00e4tzt werden. Die Stadt ist ein kleines, aber einflussreiches Kultur-, Wirtschafts-, Bildungs- und Touristenzentrum im Nordwesten Kroatiens und \u00fcberhaupt einer der wichtigsten Orte [&hellip;]","og_url":"https:\/\/visitvarazdin.hr\/de\/varazdin\/","og_site_name":"Turisti\u010dka zajednica grada Vara\u017edina","article_modified_time":"2025-11-24T12:46:18+00:00","og_image":[{"url":"https:\/\/tzvz.simetrys.info\/wp-content\/uploads\/2021\/12\/pozar_dobrovoljno-vatrogasno-drustvo-1024x681.jpg","type":"","width":"","height":""}],"twitter_card":"summary_large_image","twitter_misc":{"Gesch\u00e4tzte Lesezeit":"11\u00a0Minuten"},"schema":{"@context":"https:\/\/schema.org","@graph":[{"@type":"WebPage","@id":"https:\/\/visitvarazdin.hr\/de\/varazdin\/","url":"https:\/\/visitvarazdin.hr\/de\/varazdin\/","name":"Vara\u017edin - Turisti\u010dka zajednica grada Vara\u017edina","isPartOf":{"@id":"https:\/\/visitvarazdin.hr\/de\/#website"},"primaryImageOfPage":{"@id":"https:\/\/visitvarazdin.hr\/de\/varazdin\/#primaryimage"},"image":{"@id":"https:\/\/visitvarazdin.hr\/de\/varazdin\/#primaryimage"},"thumbnailUrl":"https:\/\/tzvz.simetrys.info\/wp-content\/uploads\/2021\/12\/pozar_dobrovoljno-vatrogasno-drustvo-1024x681.jpg","datePublished":"2022-04-09T08:03:19+00:00","dateModified":"2025-11-24T12:46:18+00:00","breadcrumb":{"@id":"https:\/\/visitvarazdin.hr\/de\/varazdin\/#breadcrumb"},"inLanguage":"de","potentialAction":[{"@type":"ReadAction","target":["https:\/\/visitvarazdin.hr\/de\/varazdin\/"]}]},{"@type":"ImageObject","inLanguage":"de","@id":"https:\/\/visitvarazdin.hr\/de\/varazdin\/#primaryimage","url":"https:\/\/tzvz.simetrys.info\/wp-content\/uploads\/2021\/12\/pozar_dobrovoljno-vatrogasno-drustvo-1024x681.jpg","contentUrl":"https:\/\/tzvz.simetrys.info\/wp-content\/uploads\/2021\/12\/pozar_dobrovoljno-vatrogasno-drustvo-1024x681.jpg"},{"@type":"BreadcrumbList","@id":"https:\/\/visitvarazdin.hr\/de\/varazdin\/#breadcrumb","itemListElement":[{"@type":"ListItem","position":1,"name":"Po\u010detna stranica","item":"https:\/\/visitvarazdin.hr\/de\/"},{"@type":"ListItem","position":2,"name":"Vara\u017edin"}]},{"@type":"WebSite","@id":"https:\/\/visitvarazdin.hr\/de\/#website","url":"https:\/\/visitvarazdin.hr\/de\/","name":"Turisti\u010dka zajednica grada Vara\u017edina","description":"","publisher":{"@id":"https:\/\/visitvarazdin.hr\/de\/#organization"},"potentialAction":[{"@type":"SearchAction","target":{"@type":"EntryPoint","urlTemplate":"https:\/\/visitvarazdin.hr\/de\/?s={search_term_string}"},"query-input":{"@type":"PropertyValueSpecification","valueRequired":true,"valueName":"search_term_string"}}],"inLanguage":"de"},{"@type":"Organization","@id":"https:\/\/visitvarazdin.hr\/de\/#organization","name":"Turisti\u010dka zajednica grada Vara\u017edina","url":"https:\/\/visitvarazdin.hr\/de\/","logo":{"@type":"ImageObject","inLanguage":"de","@id":"https:\/\/visitvarazdin.hr\/de\/#\/schema\/logo\/image\/","url":"https:\/\/visitvarazdin.hr\/wp-content\/uploads\/2021\/10\/cropped-logo-tzgv-200-retina-189x200-1.png","contentUrl":"https:\/\/visitvarazdin.hr\/wp-content\/uploads\/2021\/10\/cropped-logo-tzgv-200-retina-189x200-1.png","width":189,"height":200,"caption":"Turisti\u010dka zajednica grada Vara\u017edina"},"image":{"@id":"https:\/\/visitvarazdin.hr\/de\/#\/schema\/logo\/image\/"}}]}},"_links":{"self":[{"href":"https:\/\/visitvarazdin.hr\/de\/wp-json\/wp\/v2\/pages\/16841","targetHints":{"allow":["GET"]}}],"collection":[{"href":"https:\/\/visitvarazdin.hr\/de\/wp-json\/wp\/v2\/pages"}],"about":[{"href":"https:\/\/visitvarazdin.hr\/de\/wp-json\/wp\/v2\/types\/page"}],"author":[{"embeddable":true,"href":"https:\/\/visitvarazdin.hr\/de\/wp-json\/wp\/v2\/users\/1"}],"replies":[{"embeddable":true,"href":"https:\/\/visitvarazdin.hr\/de\/wp-json\/wp\/v2\/comments?post=16841"}],"version-history":[{"count":1,"href":"https:\/\/visitvarazdin.hr\/de\/wp-json\/wp\/v2\/pages\/16841\/revisions"}],"predecessor-version":[{"id":32251,"href":"https:\/\/visitvarazdin.hr\/de\/wp-json\/wp\/v2\/pages\/16841\/revisions\/32251"}],"wp:attachment":[{"href":"https:\/\/visitvarazdin.hr\/de\/wp-json\/wp\/v2\/media?parent=16841"}],"curies":[{"name":"wp","href":"https:\/\/api.w.org\/{rel}","templated":true}]}}