{"id":16846,"date":"2022-04-09T10:07:13","date_gmt":"2022-04-09T08:07:13","guid":{"rendered":"https:\/\/tzvz.simetrys.info\/historischer-kern\/"},"modified":"2026-03-13T10:17:17","modified_gmt":"2026-03-13T09:17:17","slug":"historischer-kern","status":"publish","type":"page","link":"https:\/\/visitvarazdin.hr\/de\/historischer-kern\/","title":{"rendered":"Historischer Kern"},"content":{"rendered":"\t\t<div data-elementor-type=\"wp-page\" data-elementor-id=\"16846\" class=\"elementor elementor-16846 elementor-1887\" data-elementor-post-type=\"page\">\n\t\t\t\t\t\t<section class=\"elementor-section elementor-top-section elementor-element elementor-element-6be626bf elementor-section-full_width elementor-section-height-min-height elementor-section-height-default elementor-section-items-middle\" data-id=\"6be626bf\" data-element_type=\"section\" data-e-type=\"section\">\n\t\t\t\t\t\t<div class=\"elementor-container elementor-column-gap-default\">\n\t\t\t\t\t<div class=\"elementor-column elementor-col-100 elementor-top-column elementor-element elementor-element-1a103209\" data-id=\"1a103209\" data-element_type=\"column\" data-e-type=\"column\" data-settings=\"{&quot;background_background&quot;:&quot;slideshow&quot;,&quot;background_slideshow_gallery&quot;:[{&quot;id&quot;:14650,&quot;url&quot;:&quot;https:\\\/\\\/visitvarazdin.hr\\\/wp-content\\\/uploads\\\/2021\\\/08\\\/1_povijesna_jezgra-1.jpg&quot;},{&quot;id&quot;:14651,&quot;url&quot;:&quot;https:\\\/\\\/visitvarazdin.hr\\\/wp-content\\\/uploads\\\/2021\\\/08\\\/1_povijesna_jezgra-2.jpg&quot;},{&quot;id&quot;:14652,&quot;url&quot;:&quot;https:\\\/\\\/visitvarazdin.hr\\\/wp-content\\\/uploads\\\/2021\\\/08\\\/1_povijesna_jezgra-3.jpg&quot;}],&quot;background_slideshow_loop&quot;:&quot;yes&quot;,&quot;background_slideshow_slide_duration&quot;:5000,&quot;background_slideshow_slide_transition&quot;:&quot;fade&quot;,&quot;background_slideshow_transition_duration&quot;:500}\">\n\t\t\t<div class=\"elementor-widget-wrap elementor-element-populated\">\n\t\t\t\t\t\t<div class=\"elementor-element elementor-element-21d52744 elementor-absolute elementor-widget-divider--view-line elementor-widget elementor-widget-divider\" data-id=\"21d52744\" data-element_type=\"widget\" data-e-type=\"widget\" data-settings=\"{&quot;_position&quot;:&quot;absolute&quot;}\" data-widget_type=\"divider.default\">\n\t\t\t\t<div class=\"elementor-widget-container\">\n\t\t\t\t\t\t\t<div class=\"elementor-divider\">\n\t\t\t<span class=\"elementor-divider-separator\">\n\t\t\t\t\t\t<\/span>\n\t\t<\/div>\n\t\t\t\t\t\t<\/div>\n\t\t\t\t<\/div>\n\t\t\t\t<div class=\"elementor-element elementor-element-52024120 elementor-widget elementor-widget-spacer\" data-id=\"52024120\" data-element_type=\"widget\" data-e-type=\"widget\" data-widget_type=\"spacer.default\">\n\t\t\t\t<div class=\"elementor-widget-container\">\n\t\t\t\t\t\t\t<div class=\"elementor-spacer\">\n\t\t\t<div class=\"elementor-spacer-inner\"><\/div>\n\t\t<\/div>\n\t\t\t\t\t\t<\/div>\n\t\t\t\t<\/div>\n\t\t\t\t<div class=\"elementor-element elementor-element-3de107b6 elementor-absolute elementor-widget elementor-widget-text-editor\" data-id=\"3de107b6\" data-element_type=\"widget\" data-e-type=\"widget\" data-settings=\"{&quot;_position&quot;:&quot;absolute&quot;}\" data-widget_type=\"text-editor.default\">\n\t\t\t\t<div class=\"elementor-widget-container\">\n\t\t\t\t\t\t\t\t\t<p>Der gr\u00f6\u00dfte Wert des Vara\u017ediner Tourismus ist sein au\u00dfergew\u00f6hnliches monumentales und k\u00fcnstlerisches Erbe, das die am besten erhaltenen und reichsten barocken urbanen Bauten, nicht nur in Kroatien, sondern auch im breiteren Umkreis beherbergt. Eigentlich ist die Grundlage, auf der die barocke Stadt Vara\u017edin entstand, mittelalterlich, so dass man auf relativ kleinem Gebiet, gut erhaltene Spuren aller historischen Epochen finden kann. Im historischen Kern von Vara\u017edin befinden sich Pal\u00e4ste, bedeutende \u00f6ffentliche Geb\u00e4ude, wertvolle H\u00e4user und Villen im Stil des Barock, Rokoko, Klassizismus und Jugendstil sowie eines der \u00e4ltesten europ\u00e4ischen Rath\u00e4user.  <\/p>\t\t\t\t\t\t\t\t<\/div>\n\t\t\t\t<\/div>\n\t\t\t\t<div class=\"elementor-element elementor-element-78ffc914 elementor-absolute elementor-widget elementor-widget-text-editor\" data-id=\"78ffc914\" data-element_type=\"widget\" data-e-type=\"widget\" data-settings=\"{&quot;_position&quot;:&quot;absolute&quot;}\" data-widget_type=\"text-editor.default\">\n\t\t\t\t<div class=\"elementor-widget-container\">\n\t\t\t\t\t\t\t\t\t<p>Historischer Kern<\/p>\t\t\t\t\t\t\t\t<\/div>\n\t\t\t\t<\/div>\n\t\t\t\t\t<\/div>\n\t\t<\/div>\n\t\t\t\t\t<\/div>\n\t\t<\/section>\n\t\t\t\t<section class=\"elementor-section elementor-top-section elementor-element elementor-element-342899b0 elementor-section-full_width elementor-section-height-min-height elementor-hidden-mobile elementor-section-height-default elementor-section-items-middle\" data-id=\"342899b0\" data-element_type=\"section\" data-e-type=\"section\">\n\t\t\t\t\t\t<div class=\"elementor-container elementor-column-gap-default\">\n\t\t\t\t\t<div class=\"elementor-column elementor-col-100 elementor-top-column elementor-element elementor-element-1e91848\" data-id=\"1e91848\" data-element_type=\"column\" data-e-type=\"column\">\n\t\t\t<div class=\"elementor-widget-wrap elementor-element-populated\">\n\t\t\t\t\t\t<div class=\"elementor-element elementor-element-d13b33b elementor-absolute elementor-widget elementor-widget-text-editor\" data-id=\"d13b33b\" data-element_type=\"widget\" data-e-type=\"widget\" data-settings=\"{&quot;_position&quot;:&quot;absolute&quot;}\" data-widget_type=\"text-editor.default\">\n\t\t\t\t<div class=\"elementor-widget-container\">\n\t\t\t\t\t\t\t\t\t<p>Besondere Aufmerksamkeit wird dem gro\u00dfen Komplex der Alten Burg (Stari grad) geschenkt, zusammen mit seinen ber\u00fchmten Befestigungsanlagen, die vom 14. bis zum 19. Jahrhundert gebaut und ausgebaut wurden. Dieser Komplex hat neben seiner historischen und architektonischen Wichtigkeit einen starken emotionalen und symbolischen Wert f\u00fcr die Einwohner von Vara\u017edin.   <\/p><p><br>Neben Pal\u00e4sten, H\u00e4usern und historischen \u00f6ffentlichen Geb\u00e4uden wird das Stadtzentrum auch durch die Pracht des sakralen Erbes bereichert. Die Kirchen von Vara\u017edin, ihre Glockent\u00fcrme und T\u00fcrme, aber auch der immense k\u00fcnstlerische Wert der Innenausstattung von Kirchen und Kl\u00f6stern sind ein unverzichtbarer Teil der Geschichte des historischen Vara\u017edin. Am besten w\u00e4re es, Sie entdecken und erkunden die wundersch\u00f6ne und erhalten gebliebene Altstadt selbst. <\/p>\t\t\t\t\t\t\t\t<\/div>\n\t\t\t\t<\/div>\n\t\t\t\t<section class=\"elementor-section elementor-inner-section elementor-element elementor-element-5794bfc4 elementor-section-full_width elementor-section-height-min-height elementor-reverse-mobile elementor-section-height-default\" data-id=\"5794bfc4\" data-element_type=\"section\" data-e-type=\"section\">\n\t\t\t\t\t\t<div class=\"elementor-container elementor-column-gap-default\">\n\t\t\t\t\t<div class=\"elementor-column elementor-col-100 elementor-inner-column elementor-element elementor-element-3a90e41f\" data-id=\"3a90e41f\" data-element_type=\"column\" data-e-type=\"column\">\n\t\t\t<div class=\"elementor-widget-wrap elementor-element-populated\">\n\t\t\t\t\t\t<div class=\"elementor-element elementor-element-107d651d elementor--h-position-center elementor--v-position-middle elementor-arrows-position-inside elementor-widget elementor-widget-slides\" data-id=\"107d651d\" data-element_type=\"widget\" data-e-type=\"widget\" id=\"orange-slider\" data-settings=\"{&quot;navigation&quot;:&quot;arrows&quot;,&quot;infinite&quot;:&quot;yes&quot;,&quot;transition&quot;:&quot;slide&quot;,&quot;transition_speed&quot;:500}\" data-widget_type=\"slides.default\">\n\t\t\t\t<div class=\"elementor-widget-container\">\n\t\t\t\t\t\t\t\t\t<div class=\"elementor-swiper\">\n\t\t\t\t\t<div class=\"elementor-slides-wrapper elementor-main-swiper swiper\" role=\"region\" aria-roledescription=\"carousel\" aria-label=\"Slides\" dir=\"ltr\" data-animation=\"fadeInRight\">\n\t\t\t\t<div class=\"swiper-wrapper elementor-slides\">\n\t\t\t\t\t\t\t\t\t\t<div class=\"elementor-repeater-item-74ebaf2 swiper-slide\" role=\"group\" aria-roledescription=\"slide\"><div class=\"swiper-slide-bg\" role=\"img\" aria-label=\"2_povijesna_jezgra-1\"><\/div><div class=\"swiper-slide-inner\" ><div class=\"swiper-slide-contents\"><\/div><\/div><\/div>\t\t\t\t<\/div>\n\t\t\t\t\t\t\t<\/div>\n\t\t\t\t<\/div>\n\t\t\t\t\t\t\t\t<\/div>\n\t\t\t\t<\/div>\n\t\t\t\t\t<\/div>\n\t\t<\/div>\n\t\t\t\t\t<\/div>\n\t\t<\/section>\n\t\t\t\t\t<\/div>\n\t\t<\/div>\n\t\t\t\t\t<\/div>\n\t\t<\/section>\n\t\t\t\t<section class=\"elementor-section elementor-top-section elementor-element elementor-element-af13987 elementor-section-full_width elementor-section-height-min-height elementor-hidden-desktop elementor-hidden-tablet elementor-section-height-default elementor-section-items-middle\" data-id=\"af13987\" data-element_type=\"section\" data-e-type=\"section\">\n\t\t\t\t\t\t<div class=\"elementor-container elementor-column-gap-default\">\n\t\t\t\t\t<div class=\"elementor-column elementor-col-100 elementor-top-column elementor-element elementor-element-a289484\" data-id=\"a289484\" data-element_type=\"column\" data-e-type=\"column\">\n\t\t\t<div class=\"elementor-widget-wrap elementor-element-populated\">\n\t\t\t\t\t\t<section class=\"elementor-section elementor-inner-section elementor-element elementor-element-667b116 elementor-section-full_width elementor-section-height-min-height elementor-reverse-mobile elementor-section-height-default\" data-id=\"667b116\" data-element_type=\"section\" data-e-type=\"section\">\n\t\t\t\t\t\t<div class=\"elementor-container elementor-column-gap-default\">\n\t\t\t\t\t<div class=\"elementor-column elementor-col-100 elementor-inner-column elementor-element elementor-element-0991be3\" data-id=\"0991be3\" data-element_type=\"column\" data-e-type=\"column\">\n\t\t\t<div class=\"elementor-widget-wrap elementor-element-populated\">\n\t\t\t\t\t\t<div class=\"elementor-element elementor-element-fe65d32 elementor--h-position-center elementor--v-position-middle elementor-arrows-position-inside elementor-widget elementor-widget-slides\" data-id=\"fe65d32\" data-element_type=\"widget\" data-e-type=\"widget\" data-settings=\"{&quot;navigation&quot;:&quot;arrows&quot;,&quot;infinite&quot;:&quot;yes&quot;,&quot;transition&quot;:&quot;slide&quot;,&quot;transition_speed&quot;:500}\" data-widget_type=\"slides.default\">\n\t\t\t\t<div class=\"elementor-widget-container\">\n\t\t\t\t\t\t\t\t\t<div class=\"elementor-swiper\">\n\t\t\t\t\t<div class=\"elementor-slides-wrapper elementor-main-swiper swiper\" role=\"region\" aria-roledescription=\"carousel\" aria-label=\"Slides\" dir=\"ltr\" data-animation=\"fadeInRight\">\n\t\t\t\t<div class=\"swiper-wrapper elementor-slides\">\n\t\t\t\t\t\t\t\t\t\t<div class=\"elementor-repeater-item-74ebaf2 swiper-slide\" role=\"group\" aria-roledescription=\"slide\"><div class=\"swiper-slide-bg\" role=\"img\" aria-label=\"2_povijesna_jezgra-1\"><\/div><div class=\"swiper-slide-inner\" ><div class=\"swiper-slide-contents\"><\/div><\/div><\/div>\t\t\t\t<\/div>\n\t\t\t\t\t\t\t<\/div>\n\t\t\t\t<\/div>\n\t\t\t\t\t\t\t\t<\/div>\n\t\t\t\t<\/div>\n\t\t\t\t\t<\/div>\n\t\t<\/div>\n\t\t\t\t\t<\/div>\n\t\t<\/section>\n\t\t\t\t<div class=\"elementor-element elementor-element-714de4f elementor-widget elementor-widget-text-editor\" data-id=\"714de4f\" data-element_type=\"widget\" data-e-type=\"widget\" data-widget_type=\"text-editor.default\">\n\t\t\t\t<div class=\"elementor-widget-container\">\n\t\t\t\t\t\t\t\t\t<p>Besondere Aufmerksamkeit wird dem gro\u00dfen Komplex der Alten Burg (Stari grad) geschenkt, zusammen mit seinen ber\u00fchmten Befestigungsanlagen, die vom 14. bis zum 19. Jahrhundert gebaut und ausgebaut wurden. Dieser Komplex hat neben seiner historischen und architektonischen Wichtigkeit einen starken emotionalen und symbolischen Wert f\u00fcr die Einwohner von Vara\u017edin.   <\/p><p><br>Neben Pal\u00e4sten, H\u00e4usern und historischen \u00f6ffentlichen Geb\u00e4uden wird das Stadtzentrum auch durch die Pracht des sakralen Erbes bereichert. Die Kirchen von Vara\u017edin, ihre Glockent\u00fcrme und T\u00fcrme, aber auch der immense k\u00fcnstlerische Wert der Innenausstattung von Kirchen und Kl\u00f6stern sind ein unverzichtbarer Teil der Geschichte des historischen Vara\u017edin. Am besten w\u00e4re es, Sie entdecken und erkunden die wundersch\u00f6ne und erhalten gebliebene Altstadt selbst. <\/p>\t\t\t\t\t\t\t\t<\/div>\n\t\t\t\t<\/div>\n\t\t\t\t\t<\/div>\n\t\t<\/div>\n\t\t\t\t\t<\/div>\n\t\t<\/section>\n\t\t\t\t<section class=\"elementor-section elementor-top-section elementor-element elementor-element-7db6b637 elementor-section-full_width elementor-section-height-min-height elementor-section-height-default elementor-section-items-middle\" data-id=\"7db6b637\" data-element_type=\"section\" data-e-type=\"section\">\n\t\t\t\t\t\t<div class=\"elementor-container elementor-column-gap-default\">\n\t\t\t\t\t<div class=\"elementor-column elementor-col-100 elementor-top-column elementor-element elementor-element-6356d808\" data-id=\"6356d808\" data-element_type=\"column\" data-e-type=\"column\">\n\t\t\t<div class=\"elementor-widget-wrap elementor-element-populated\">\n\t\t\t\t\t\t<section class=\"elementor-section elementor-inner-section elementor-element elementor-element-302f2f5e elementor-section-full_width elementor-section-height-min-height elementor-section-height-default\" data-id=\"302f2f5e\" data-element_type=\"section\" data-e-type=\"section\" data-settings=\"{&quot;background_background&quot;:&quot;classic&quot;}\">\n\t\t\t\t\t\t<div class=\"elementor-container elementor-column-gap-default\">\n\t\t\t\t\t<div class=\"elementor-column elementor-col-50 elementor-inner-column elementor-element elementor-element-3f2d8c3f\" data-id=\"3f2d8c3f\" data-element_type=\"column\" data-e-type=\"column\">\n\t\t\t<div class=\"elementor-widget-wrap elementor-element-populated\">\n\t\t\t\t\t\t<div class=\"elementor-element elementor-element-6f8a814e elementor--h-position-center elementor--v-position-middle elementor-arrows-position-inside elementor-widget elementor-widget-slides\" data-id=\"6f8a814e\" data-element_type=\"widget\" data-e-type=\"widget\" id=\"orange-slider-rev\" data-settings=\"{&quot;navigation&quot;:&quot;arrows&quot;,&quot;infinite&quot;:&quot;yes&quot;,&quot;transition&quot;:&quot;slide&quot;,&quot;transition_speed&quot;:500}\" data-widget_type=\"slides.default\">\n\t\t\t\t<div class=\"elementor-widget-container\">\n\t\t\t\t\t\t\t\t\t<div class=\"elementor-swiper\">\n\t\t\t\t\t<div class=\"elementor-slides-wrapper elementor-main-swiper swiper\" role=\"region\" aria-roledescription=\"carousel\" aria-label=\"Slides\" dir=\"ltr\" data-animation=\"fadeInRight\">\n\t\t\t\t<div class=\"swiper-wrapper elementor-slides\">\n\t\t\t\t\t\t\t\t\t\t<div class=\"elementor-repeater-item-74ebaf2 swiper-slide\" role=\"group\" aria-roledescription=\"slide\"><div class=\"swiper-slide-bg\" role=\"img\" aria-label=\"3_ulice-1\"><\/div><div class=\"swiper-slide-inner\" ><div class=\"swiper-slide-contents\"><\/div><\/div><\/div><div class=\"elementor-repeater-item-f270628 swiper-slide\" role=\"group\" aria-roledescription=\"slide\"><div class=\"swiper-slide-bg\" role=\"img\" aria-label=\"3_ulice-2\"><\/div><div class=\"swiper-slide-inner\" ><div class=\"swiper-slide-contents\"><\/div><\/div><\/div><div class=\"elementor-repeater-item-ebcbc57 swiper-slide\" role=\"group\" aria-roledescription=\"slide\"><div class=\"swiper-slide-bg\" role=\"img\" aria-label=\"DF1_8485-2 (1)\"><\/div><div class=\"swiper-slide-inner\" ><div class=\"swiper-slide-contents\"><\/div><\/div><\/div><div class=\"elementor-repeater-item-3385ce1 swiper-slide\" role=\"group\" aria-roledescription=\"slide\"><div class=\"swiper-slide-bg\" role=\"img\" aria-label=\"3_ulice-4\"><\/div><div class=\"swiper-slide-inner\" ><div class=\"swiper-slide-contents\"><\/div><\/div><\/div><div class=\"elementor-repeater-item-301fead swiper-slide\" role=\"group\" aria-roledescription=\"slide\"><div class=\"swiper-slide-bg\" role=\"img\" aria-label=\"3_ulice-5\"><\/div><div class=\"swiper-slide-inner\" ><div class=\"swiper-slide-contents\"><\/div><\/div><\/div><div class=\"elementor-repeater-item-d3d648b swiper-slide\" role=\"group\" aria-roledescription=\"slide\"><div class=\"swiper-slide-bg\" role=\"img\" aria-label=\"20201008104553_IMG_0414_1-01-2\"><\/div><div class=\"swiper-slide-inner\" ><div class=\"swiper-slide-contents\"><\/div><\/div><\/div><div class=\"elementor-repeater-item-9a6c1a1 swiper-slide\" role=\"group\" aria-roledescription=\"slide\"><div class=\"swiper-slide-bg\" role=\"img\" aria-label=\"20201008101725_IMG_0386-01-2\"><\/div><div class=\"swiper-slide-inner\" ><div class=\"swiper-slide-contents\"><\/div><\/div><\/div><div class=\"elementor-repeater-item-d92da8c swiper-slide\" role=\"group\" aria-roledescription=\"slide\"><div class=\"swiper-slide-bg\" role=\"img\" aria-label=\"IMG_6517\"><\/div><div class=\"swiper-slide-inner\" ><div class=\"swiper-slide-contents\"><\/div><\/div><\/div>\t\t\t\t<\/div>\n\t\t\t\t\t\t\t\t\t\t\t\t\t\t\t<div class=\"elementor-swiper-button elementor-swiper-button-prev\" role=\"button\" tabindex=\"0\" aria-label=\"Vorheriger Slide\">\n\t\t\t\t\t\t\t<i aria-hidden=\"true\" class=\"eicon-chevron-left\"><\/i>\t\t\t\t\t\t<\/div>\n\t\t\t\t\t\t<div class=\"elementor-swiper-button elementor-swiper-button-next\" role=\"button\" tabindex=\"0\" aria-label=\"N\u00e4chster Slide\">\n\t\t\t\t\t\t\t<i aria-hidden=\"true\" class=\"eicon-chevron-right\"><\/i>\t\t\t\t\t\t<\/div>\n\t\t\t\t\t\t\t\t\t\t\t\t\t\t\t\t\t<\/div>\n\t\t\t\t<\/div>\n\t\t\t\t\t\t\t\t<\/div>\n\t\t\t\t<\/div>\n\t\t\t\t\t<\/div>\n\t\t<\/div>\n\t\t\t\t<div class=\"elementor-column elementor-col-50 elementor-inner-column elementor-element elementor-element-3bf6e567\" data-id=\"3bf6e567\" data-element_type=\"column\" data-e-type=\"column\">\n\t\t\t<div class=\"elementor-widget-wrap elementor-element-populated\">\n\t\t\t\t\t\t<div class=\"elementor-element elementor-element-1c8ecadf elementor-widget elementor-widget-heading\" data-id=\"1c8ecadf\" data-element_type=\"widget\" data-e-type=\"widget\" data-widget_type=\"heading.default\">\n\t\t\t\t<div class=\"elementor-widget-container\">\n\t\t\t\t\t<h2 class=\"elementor-heading-title elementor-size-default\">Stra\u00dfen<\/h2>\t\t\t\t<\/div>\n\t\t\t\t<\/div>\n\t\t\t\t<div class=\"elementor-element elementor-element-601c8105 elementor-widget-divider--view-line elementor-widget elementor-widget-divider\" data-id=\"601c8105\" data-element_type=\"widget\" data-e-type=\"widget\" data-widget_type=\"divider.default\">\n\t\t\t\t<div class=\"elementor-widget-container\">\n\t\t\t\t\t\t\t<div class=\"elementor-divider\">\n\t\t\t<span class=\"elementor-divider-separator\">\n\t\t\t\t\t\t<\/span>\n\t\t<\/div>\n\t\t\t\t\t\t<\/div>\n\t\t\t\t<\/div>\n\t\t\t\t<div class=\"elementor-element elementor-element-371ac017 elementor-widget elementor-widget-text-editor\" data-id=\"371ac017\" data-element_type=\"widget\" data-e-type=\"widget\" data-widget_type=\"text-editor.default\">\n\t\t\t\t<div class=\"elementor-widget-container\">\n\t\t\t\t\t\t\t\t\t<p>Viele Menschen verbinden mit Vara\u017edin und seinem historischen Antlitz den Begriff <em>Palast<\/em>, und dies ist angesichts der Anzahl und Sch\u00f6nheit der Vara\u017ediner Pal\u00e4ste durchaus verst\u00e4ndlich. Alle diese pr\u00e4chtigen Geb\u00e4ude, Villen, H\u00e4user und Kirchen sind in ein Netz von Stra\u00dfen verwoben, die sie verbinden. Und w\u00e4hrend die Pal\u00e4ste eine breite Palette von Stilen, vom Barock \u00fcber das Rokoko bis zum Klassizismus repr\u00e4sentieren, ist der Vara\u017ediner Stadtplan mit seinen unregelm\u00e4\u00dfigen, kreisf\u00f6rmigen Stra\u00dfen und Gassen, haupts\u00e4chlich mittelalterlich.  <\/p><p><br>(Fast) jede Stra\u00dfe im historischen Kern hat eine Geschichte oder zumindest einen Spitznamen, unter dem sie die Einwohner von Vara\u017edin auch kennen. Wenn Sie zum Beispiel nach \u201eDu\u0107anska\u201c oder \u201eKod Plaveca\u201c suchen, werden Sie sie auf keinem Stadtplan finden. Und auch die Einwohner m\u00fcssen manchmal zweimal \u00fcberlegen, welche Stra\u00dfe die Gunduli\u0107eva und welche die Dra\u0161kovi\u0107eva ist. <\/p>\t\t\t\t\t\t\t\t<\/div>\n\t\t\t\t<\/div>\n\t\t\t\t\t<\/div>\n\t\t<\/div>\n\t\t\t\t\t<\/div>\n\t\t<\/section>\n\t\t\t\t<section class=\"elementor-section elementor-inner-section elementor-element elementor-element-4d43fcb4 elementor-section-full_width elementor-section-height-min-height elementor-reverse-mobile elementor-section-height-default\" data-id=\"4d43fcb4\" data-element_type=\"section\" data-e-type=\"section\" data-settings=\"{&quot;background_background&quot;:&quot;classic&quot;}\">\n\t\t\t\t\t\t<div class=\"elementor-container elementor-column-gap-default\">\n\t\t\t\t\t<div class=\"elementor-column elementor-col-50 elementor-inner-column elementor-element elementor-element-7ba15c95\" data-id=\"7ba15c95\" data-element_type=\"column\" data-e-type=\"column\">\n\t\t\t<div class=\"elementor-widget-wrap elementor-element-populated\">\n\t\t\t\t\t\t<div class=\"elementor-element elementor-element-19944d30 elementor-widget elementor-widget-heading\" data-id=\"19944d30\" data-element_type=\"widget\" data-e-type=\"widget\" data-widget_type=\"heading.default\">\n\t\t\t\t<div class=\"elementor-widget-container\">\n\t\t\t\t\t<h2 class=\"elementor-heading-title elementor-size-default\">Vara\u017ediner Pl\u00e4tze<\/h2>\t\t\t\t<\/div>\n\t\t\t\t<\/div>\n\t\t\t\t<div class=\"elementor-element elementor-element-5fd67abc elementor-widget-divider--view-line elementor-widget elementor-widget-divider\" data-id=\"5fd67abc\" data-element_type=\"widget\" data-e-type=\"widget\" data-widget_type=\"divider.default\">\n\t\t\t\t<div class=\"elementor-widget-container\">\n\t\t\t\t\t\t\t<div class=\"elementor-divider\">\n\t\t\t<span class=\"elementor-divider-separator\">\n\t\t\t\t\t\t<\/span>\n\t\t<\/div>\n\t\t\t\t\t\t<\/div>\n\t\t\t\t<\/div>\n\t\t\t\t<div class=\"elementor-element elementor-element-750e833e elementor-widget elementor-widget-text-editor\" data-id=\"750e833e\" data-element_type=\"widget\" data-e-type=\"widget\" data-widget_type=\"text-editor.default\">\n\t\t\t\t<div class=\"elementor-widget-container\">\n\t\t\t\t\t\t\t\t\t<p>Gl\u00fccklicherweise hat sich in Vara\u017edin die Tradition der Rolle der Stadtpl\u00e4tze im gesellschaftlichen Leben, in der Dynamik und in der Kultur der Stadt erhalten. Die Pl\u00e4tze des historischen Kerns von Vara\u017edin sind Orte f\u00fcr Geselligkeit, Treffen, Kommentare, lange Gespr\u00e4che und noch l\u00e4ngere Kaffeepausen. Die Monumentalit\u00e4t des Hauptplatzes der Stadt, der offiziell nach K\u00f6nig Tomislav benannt, aber unter den Einwohnern von Vara\u017edin als Korzo bekannt ist, wird durch die breite Promenade des Franziskanerplatzes erg\u00e4nzt.   <\/p>\t\t\t\t\t\t\t\t<\/div>\n\t\t\t\t<\/div>\n\t\t\t\t\t<\/div>\n\t\t<\/div>\n\t\t\t\t<div class=\"elementor-column elementor-col-50 elementor-inner-column elementor-element elementor-element-4b7de1d8\" data-id=\"4b7de1d8\" data-element_type=\"column\" data-e-type=\"column\">\n\t\t\t<div class=\"elementor-widget-wrap elementor-element-populated\">\n\t\t\t\t\t\t<div class=\"elementor-element elementor-element-7541500f elementor--h-position-center elementor--v-position-middle elementor-arrows-position-inside elementor-widget elementor-widget-slides\" data-id=\"7541500f\" data-element_type=\"widget\" data-e-type=\"widget\" id=\"orange-slider\" data-settings=\"{&quot;navigation&quot;:&quot;arrows&quot;,&quot;infinite&quot;:&quot;yes&quot;,&quot;transition&quot;:&quot;slide&quot;,&quot;transition_speed&quot;:500}\" data-widget_type=\"slides.default\">\n\t\t\t\t<div class=\"elementor-widget-container\">\n\t\t\t\t\t\t\t\t\t<div class=\"elementor-swiper\">\n\t\t\t\t\t<div class=\"elementor-slides-wrapper elementor-main-swiper swiper\" role=\"region\" aria-roledescription=\"carousel\" aria-label=\"Slides\" dir=\"ltr\" data-animation=\"fadeInRight\">\n\t\t\t\t<div class=\"swiper-wrapper elementor-slides\">\n\t\t\t\t\t\t\t\t\t\t<div class=\"elementor-repeater-item-74ebaf2 swiper-slide\" role=\"group\" aria-roledescription=\"slide\"><div class=\"swiper-slide-bg\" role=\"img\" aria-label=\"4_trgovi-1-Edit\"><\/div><div class=\"swiper-slide-inner\" ><div class=\"swiper-slide-contents\"><\/div><\/div><\/div><div class=\"elementor-repeater-item-c4d68d7 swiper-slide\" role=\"group\" aria-roledescription=\"slide\"><div class=\"swiper-slide-bg\" role=\"img\" aria-label=\"DSC_3512-2\"><\/div><div class=\"swiper-slide-inner\" ><div class=\"swiper-slide-contents\"><\/div><\/div><\/div><div class=\"elementor-repeater-item-c96e5d7 swiper-slide\" role=\"group\" aria-roledescription=\"slide\"><div class=\"swiper-slide-bg\" role=\"img\" aria-label=\"DF1_1971\"><\/div><div class=\"swiper-slide-inner\" ><div class=\"swiper-slide-contents\"><\/div><\/div><\/div><div class=\"elementor-repeater-item-75248cb swiper-slide\" role=\"group\" aria-roledescription=\"slide\"><div class=\"swiper-slide-bg\" role=\"img\" aria-label=\"DSC_4462\"><\/div><div class=\"swiper-slide-inner\" ><div class=\"swiper-slide-contents\"><\/div><\/div><\/div><div class=\"elementor-repeater-item-f270628 swiper-slide\" role=\"group\" aria-roledescription=\"slide\"><div class=\"swiper-slide-bg\" role=\"img\" aria-label=\"4_trgovi-2-Edit\"><\/div><div class=\"swiper-slide-inner\" ><div class=\"swiper-slide-contents\"><\/div><\/div><\/div><div class=\"elementor-repeater-item-e2dd32d swiper-slide\" role=\"group\" aria-roledescription=\"slide\"><div class=\"swiper-slide-bg\" role=\"img\" aria-label=\"4_trgovi-3-Edit\"><\/div><div class=\"swiper-slide-inner\" ><div class=\"swiper-slide-contents\"><\/div><\/div><\/div><div class=\"elementor-repeater-item-28362d8 swiper-slide\" role=\"group\" aria-roledescription=\"slide\"><div class=\"swiper-slide-bg\" role=\"img\" aria-label=\"4_trgovi-4-Edit\"><\/div><div class=\"swiper-slide-inner\" ><div class=\"swiper-slide-contents\"><\/div><\/div><\/div><div class=\"elementor-repeater-item-7a2847f swiper-slide\" role=\"group\" aria-roledescription=\"slide\"><div class=\"swiper-slide-bg\" role=\"img\" aria-label=\"DSC_3625\"><\/div><div class=\"swiper-slide-inner\" ><div class=\"swiper-slide-contents\"><\/div><\/div><\/div><div class=\"elementor-repeater-item-f36c28a swiper-slide\" role=\"group\" aria-roledescription=\"slide\"><div class=\"swiper-slide-bg\" role=\"img\" aria-label=\"Varazdin_centar-(75)-2\"><\/div><div class=\"swiper-slide-inner\" ><div class=\"swiper-slide-contents\"><\/div><\/div><\/div>\t\t\t\t<\/div>\n\t\t\t\t\t\t\t\t\t\t\t\t\t\t\t<div class=\"elementor-swiper-button elementor-swiper-button-prev\" role=\"button\" tabindex=\"0\" aria-label=\"Vorheriger Slide\">\n\t\t\t\t\t\t\t<i aria-hidden=\"true\" class=\"eicon-chevron-left\"><\/i>\t\t\t\t\t\t<\/div>\n\t\t\t\t\t\t<div class=\"elementor-swiper-button elementor-swiper-button-next\" role=\"button\" tabindex=\"0\" aria-label=\"N\u00e4chster Slide\">\n\t\t\t\t\t\t\t<i aria-hidden=\"true\" class=\"eicon-chevron-right\"><\/i>\t\t\t\t\t\t<\/div>\n\t\t\t\t\t\t\t\t\t\t\t\t\t\t\t\t\t<\/div>\n\t\t\t\t<\/div>\n\t\t\t\t\t\t\t\t<\/div>\n\t\t\t\t<\/div>\n\t\t\t\t\t<\/div>\n\t\t<\/div>\n\t\t\t\t\t<\/div>\n\t\t<\/section>\n\t\t\t\t\t<\/div>\n\t\t<\/div>\n\t\t\t\t\t<\/div>\n\t\t<\/section>\n\t\t\t\t<\/div>\n\t\t","protected":false},"excerpt":{"rendered":"<p>Der gr\u00f6\u00dfte Wert des Vara\u017ediner Tourismus ist sein au\u00dfergew\u00f6hnliches monumentales und k\u00fcnstlerisches Erbe, das die am besten erhaltenen und reichsten barocken urbanen Bauten, nicht nur in Kroatien, sondern auch im breiteren Umkreis beherbergt. Eigentlich ist die Grundlage, auf der die barocke Stadt Vara\u017edin entstand, mittelalterlich, so dass man auf relativ kleinem Gebiet, gut erhaltene Spuren [&hellip;]<\/p>\n","protected":false},"author":1,"featured_media":0,"parent":0,"menu_order":0,"comment_status":"closed","ping_status":"closed","template":"elementor_header_footer","meta":{"_acf_changed":false,"footnotes":""},"class_list":["post-16846","page","type-page","status-publish","hentry"],"acf":[],"yoast_head":"<!-- This site is optimized with the Yoast SEO plugin v27.4 - https:\/\/yoast.com\/product\/yoast-seo-wordpress\/ -->\n<title>Historischer Kern - Turisti\u010dka zajednica grada Vara\u017edina<\/title>\n<meta name=\"robots\" content=\"index, follow, max-snippet:-1, max-image-preview:large, max-video-preview:-1\" \/>\n<link rel=\"canonical\" href=\"https:\/\/visitvarazdin.hr\/de\/historischer-kern\/\" \/>\n<meta property=\"og:locale\" content=\"de_DE\" \/>\n<meta property=\"og:type\" content=\"article\" \/>\n<meta property=\"og:title\" content=\"Historischer Kern - Turisti\u010dka zajednica grada Vara\u017edina\" \/>\n<meta property=\"og:description\" content=\"Der gr\u00f6\u00dfte Wert des Vara\u017ediner Tourismus ist sein au\u00dfergew\u00f6hnliches monumentales und k\u00fcnstlerisches Erbe, das die am besten erhaltenen und reichsten barocken urbanen Bauten, nicht nur in Kroatien, sondern auch im breiteren Umkreis beherbergt. Eigentlich ist die Grundlage, auf der die barocke Stadt Vara\u017edin entstand, mittelalterlich, so dass man auf relativ kleinem Gebiet, gut erhaltene Spuren [&hellip;]\" \/>\n<meta property=\"og:url\" content=\"https:\/\/visitvarazdin.hr\/de\/historischer-kern\/\" \/>\n<meta property=\"og:site_name\" content=\"Turisti\u010dka zajednica grada Vara\u017edina\" \/>\n<meta property=\"article:modified_time\" content=\"2026-03-13T09:17:17+00:00\" \/>\n<meta name=\"twitter:card\" content=\"summary_large_image\" \/>\n<meta name=\"twitter:label1\" content=\"Gesch\u00e4tzte Lesezeit\" \/>\n\t<meta name=\"twitter:data1\" content=\"3\u00a0Minuten\" \/>\n<script type=\"application\/ld+json\" class=\"yoast-schema-graph\">{\"@context\":\"https:\\\/\\\/schema.org\",\"@graph\":[{\"@type\":\"WebPage\",\"@id\":\"https:\\\/\\\/visitvarazdin.hr\\\/de\\\/historischer-kern\\\/\",\"url\":\"https:\\\/\\\/visitvarazdin.hr\\\/de\\\/historischer-kern\\\/\",\"name\":\"Historischer Kern - Turisti\u010dka zajednica grada Vara\u017edina\",\"isPartOf\":{\"@id\":\"https:\\\/\\\/visitvarazdin.hr\\\/de\\\/#website\"},\"datePublished\":\"2022-04-09T08:07:13+00:00\",\"dateModified\":\"2026-03-13T09:17:17+00:00\",\"breadcrumb\":{\"@id\":\"https:\\\/\\\/visitvarazdin.hr\\\/de\\\/historischer-kern\\\/#breadcrumb\"},\"inLanguage\":\"de\",\"potentialAction\":[{\"@type\":\"ReadAction\",\"target\":[\"https:\\\/\\\/visitvarazdin.hr\\\/de\\\/historischer-kern\\\/\"]}]},{\"@type\":\"BreadcrumbList\",\"@id\":\"https:\\\/\\\/visitvarazdin.hr\\\/de\\\/historischer-kern\\\/#breadcrumb\",\"itemListElement\":[{\"@type\":\"ListItem\",\"position\":1,\"name\":\"Po\u010detna stranica\",\"item\":\"https:\\\/\\\/visitvarazdin.hr\\\/de\\\/\"},{\"@type\":\"ListItem\",\"position\":2,\"name\":\"Historischer Kern\"}]},{\"@type\":\"WebSite\",\"@id\":\"https:\\\/\\\/visitvarazdin.hr\\\/de\\\/#website\",\"url\":\"https:\\\/\\\/visitvarazdin.hr\\\/de\\\/\",\"name\":\"Turisti\u010dka zajednica grada Vara\u017edina\",\"description\":\"\",\"publisher\":{\"@id\":\"https:\\\/\\\/visitvarazdin.hr\\\/de\\\/#organization\"},\"potentialAction\":[{\"@type\":\"SearchAction\",\"target\":{\"@type\":\"EntryPoint\",\"urlTemplate\":\"https:\\\/\\\/visitvarazdin.hr\\\/de\\\/?s={search_term_string}\"},\"query-input\":{\"@type\":\"PropertyValueSpecification\",\"valueRequired\":true,\"valueName\":\"search_term_string\"}}],\"inLanguage\":\"de\"},{\"@type\":\"Organization\",\"@id\":\"https:\\\/\\\/visitvarazdin.hr\\\/de\\\/#organization\",\"name\":\"Turisti\u010dka zajednica grada Vara\u017edina\",\"url\":\"https:\\\/\\\/visitvarazdin.hr\\\/de\\\/\",\"logo\":{\"@type\":\"ImageObject\",\"inLanguage\":\"de\",\"@id\":\"https:\\\/\\\/visitvarazdin.hr\\\/de\\\/#\\\/schema\\\/logo\\\/image\\\/\",\"url\":\"https:\\\/\\\/visitvarazdin.hr\\\/wp-content\\\/uploads\\\/2021\\\/10\\\/cropped-logo-tzgv-200-retina-189x200-1.png\",\"contentUrl\":\"https:\\\/\\\/visitvarazdin.hr\\\/wp-content\\\/uploads\\\/2021\\\/10\\\/cropped-logo-tzgv-200-retina-189x200-1.png\",\"width\":189,\"height\":200,\"caption\":\"Turisti\u010dka zajednica grada Vara\u017edina\"},\"image\":{\"@id\":\"https:\\\/\\\/visitvarazdin.hr\\\/de\\\/#\\\/schema\\\/logo\\\/image\\\/\"}}]}<\/script>\n<!-- \/ Yoast SEO plugin. -->","yoast_head_json":{"title":"Historischer Kern - Turisti\u010dka zajednica grada Vara\u017edina","robots":{"index":"index","follow":"follow","max-snippet":"max-snippet:-1","max-image-preview":"max-image-preview:large","max-video-preview":"max-video-preview:-1"},"canonical":"https:\/\/visitvarazdin.hr\/de\/historischer-kern\/","og_locale":"de_DE","og_type":"article","og_title":"Historischer Kern - Turisti\u010dka zajednica grada Vara\u017edina","og_description":"Der gr\u00f6\u00dfte Wert des Vara\u017ediner Tourismus ist sein au\u00dfergew\u00f6hnliches monumentales und k\u00fcnstlerisches Erbe, das die am besten erhaltenen und reichsten barocken urbanen Bauten, nicht nur in Kroatien, sondern auch im breiteren Umkreis beherbergt. Eigentlich ist die Grundlage, auf der die barocke Stadt Vara\u017edin entstand, mittelalterlich, so dass man auf relativ kleinem Gebiet, gut erhaltene Spuren [&hellip;]","og_url":"https:\/\/visitvarazdin.hr\/de\/historischer-kern\/","og_site_name":"Turisti\u010dka zajednica grada Vara\u017edina","article_modified_time":"2026-03-13T09:17:17+00:00","twitter_card":"summary_large_image","twitter_misc":{"Gesch\u00e4tzte Lesezeit":"3\u00a0Minuten"},"schema":{"@context":"https:\/\/schema.org","@graph":[{"@type":"WebPage","@id":"https:\/\/visitvarazdin.hr\/de\/historischer-kern\/","url":"https:\/\/visitvarazdin.hr\/de\/historischer-kern\/","name":"Historischer Kern - Turisti\u010dka zajednica grada Vara\u017edina","isPartOf":{"@id":"https:\/\/visitvarazdin.hr\/de\/#website"},"datePublished":"2022-04-09T08:07:13+00:00","dateModified":"2026-03-13T09:17:17+00:00","breadcrumb":{"@id":"https:\/\/visitvarazdin.hr\/de\/historischer-kern\/#breadcrumb"},"inLanguage":"de","potentialAction":[{"@type":"ReadAction","target":["https:\/\/visitvarazdin.hr\/de\/historischer-kern\/"]}]},{"@type":"BreadcrumbList","@id":"https:\/\/visitvarazdin.hr\/de\/historischer-kern\/#breadcrumb","itemListElement":[{"@type":"ListItem","position":1,"name":"Po\u010detna stranica","item":"https:\/\/visitvarazdin.hr\/de\/"},{"@type":"ListItem","position":2,"name":"Historischer Kern"}]},{"@type":"WebSite","@id":"https:\/\/visitvarazdin.hr\/de\/#website","url":"https:\/\/visitvarazdin.hr\/de\/","name":"Turisti\u010dka zajednica grada Vara\u017edina","description":"","publisher":{"@id":"https:\/\/visitvarazdin.hr\/de\/#organization"},"potentialAction":[{"@type":"SearchAction","target":{"@type":"EntryPoint","urlTemplate":"https:\/\/visitvarazdin.hr\/de\/?s={search_term_string}"},"query-input":{"@type":"PropertyValueSpecification","valueRequired":true,"valueName":"search_term_string"}}],"inLanguage":"de"},{"@type":"Organization","@id":"https:\/\/visitvarazdin.hr\/de\/#organization","name":"Turisti\u010dka zajednica grada Vara\u017edina","url":"https:\/\/visitvarazdin.hr\/de\/","logo":{"@type":"ImageObject","inLanguage":"de","@id":"https:\/\/visitvarazdin.hr\/de\/#\/schema\/logo\/image\/","url":"https:\/\/visitvarazdin.hr\/wp-content\/uploads\/2021\/10\/cropped-logo-tzgv-200-retina-189x200-1.png","contentUrl":"https:\/\/visitvarazdin.hr\/wp-content\/uploads\/2021\/10\/cropped-logo-tzgv-200-retina-189x200-1.png","width":189,"height":200,"caption":"Turisti\u010dka zajednica grada Vara\u017edina"},"image":{"@id":"https:\/\/visitvarazdin.hr\/de\/#\/schema\/logo\/image\/"}}]}},"_links":{"self":[{"href":"https:\/\/visitvarazdin.hr\/de\/wp-json\/wp\/v2\/pages\/16846","targetHints":{"allow":["GET"]}}],"collection":[{"href":"https:\/\/visitvarazdin.hr\/de\/wp-json\/wp\/v2\/pages"}],"about":[{"href":"https:\/\/visitvarazdin.hr\/de\/wp-json\/wp\/v2\/types\/page"}],"author":[{"embeddable":true,"href":"https:\/\/visitvarazdin.hr\/de\/wp-json\/wp\/v2\/users\/1"}],"replies":[{"embeddable":true,"href":"https:\/\/visitvarazdin.hr\/de\/wp-json\/wp\/v2\/comments?post=16846"}],"version-history":[{"count":3,"href":"https:\/\/visitvarazdin.hr\/de\/wp-json\/wp\/v2\/pages\/16846\/revisions"}],"predecessor-version":[{"id":33921,"href":"https:\/\/visitvarazdin.hr\/de\/wp-json\/wp\/v2\/pages\/16846\/revisions\/33921"}],"wp:attachment":[{"href":"https:\/\/visitvarazdin.hr\/de\/wp-json\/wp\/v2\/media?parent=16846"}],"curies":[{"name":"wp","href":"https:\/\/api.w.org\/{rel}","templated":true}]}}